{"id":27,"date":"2018-11-17T10:44:24","date_gmt":"2018-11-17T09:44:24","guid":{"rendered":"http:\/\/soswmyslenice.edu.pl\/new\/?page_id=27"},"modified":"2025-03-04T09:25:31","modified_gmt":"2025-03-04T08:25:31","slug":"baza-osrodka","status":"publish","type":"page","link":"https:\/\/soswmyslenice.edu.pl\/new\/index.php\/osrodek\/baza-osrodka\/","title":{"rendered":"Baza O\u015brodka"},"content":{"rendered":"<div class=\"wpb-content-wrapper\">\n<p>[vc_row][vc_column][vc_separator color=&#8221;mulled_wine&#8221;][\/vc_column][\/vc_row]<\/p>\n\n\n<p>[vc_row][vc_column][vc_column_text]<\/p>\n<h3 style=\"text-align: center;\"><strong>Specjalny O\u015brodek Szkolno &#8211; Wychowawczy<\/strong><\/h3>\n<h4 style=\"text-align: center;\"><strong>O\u015brodek dysponuje nowoczesn\u0105 baz\u0105 dydaktyczn\u0105 i sportowo-rehabilitacyjn\u0105.<\/strong><\/h4>\n<p>[\/vc_column_text][\/vc_column][\/vc_row]<\/p>\n\n\n\n<div class=\"wp-block-columns is-layout-flex wp-container-core-columns-is-layout-9d6595d7 wp-block-columns-is-layout-flex\">\n<div class=\"wp-block-column is-layout-flow wp-block-column-is-layout-flow\"><\/div>\n\n\n\n<div class=\"wp-block-column is-layout-flow wp-block-column-is-layout-flow\"><\/div>\n<\/div>\n\n\n\n<p>[vc_row][vc_column][vc_separator color=&#8221;mulled_wine&#8221; style=&#8221;shadow&#8221; el_width=&#8221;90&#8243;][\/vc_column][\/vc_row]<\/p>\n\n\n<p>[vc_row][vc_column][vc_column_text]<\/p>\n<h5 style=\"text-align: center;\">Posiadamy:<\/h5>\n<h5 style=\"text-align: center;\">Jasne, przestronne klasy lekcyjne wyposa\u017cone w nowoczesne pomoce dydaktyczne<\/h5>\n<p>[\/vc_column_text][\/vc_column][\/vc_row]<\/p>\n\n\n\n<div class=\"wp-block-columns is-layout-flex wp-container-core-columns-is-layout-9d6595d7 wp-block-columns-is-layout-flex\">\n<div class=\"wp-block-column is-layout-flow wp-block-column-is-layout-flow\">\n<figure class=\"wp-block-gallery has-nested-images columns-default is-cropped wp-block-gallery-1 is-layout-flex wp-block-gallery-is-layout-flex\">\n<figure class=\"wp-block-image size-large\"><img loading=\"lazy\" decoding=\"async\" width=\"2560\" height=\"1440\" data-id=\"4031\" src=\"https:\/\/soswmyslenice.edu.pl\/new\/wp-content\/uploads\/2025\/01\/20241119_081428-scaled.jpg\" alt=\"Uczniowie siedz\u0105 w \u0142awkach. Na \u0142awce le\u017c\u0105 roz\u0142o\u017cone drobne elementy. Przed nimi ucze\u0144 stoi przy tablicy interaktywnej i zaznacza temperatur\u0119 na termometrze.\" class=\"wp-image-4031\" srcset=\"https:\/\/soswmyslenice.edu.pl\/new\/wp-content\/uploads\/2025\/01\/20241119_081428-scaled.jpg 2560w, https:\/\/soswmyslenice.edu.pl\/new\/wp-content\/uploads\/2025\/01\/20241119_081428-300x169.jpg 300w, https:\/\/soswmyslenice.edu.pl\/new\/wp-content\/uploads\/2025\/01\/20241119_081428-1024x576.jpg 1024w, https:\/\/soswmyslenice.edu.pl\/new\/wp-content\/uploads\/2025\/01\/20241119_081428-768x432.jpg 768w, https:\/\/soswmyslenice.edu.pl\/new\/wp-content\/uploads\/2025\/01\/20241119_081428-1536x864.jpg 1536w, https:\/\/soswmyslenice.edu.pl\/new\/wp-content\/uploads\/2025\/01\/20241119_081428-2048x1152.jpg 2048w\" sizes=\"auto, (max-width: 2560px) 100vw, 2560px\" \/><\/figure>\n<\/figure>\n<\/div>\n\n\n\n<div class=\"wp-block-column is-layout-flow wp-block-column-is-layout-flow\">\n<figure class=\"wp-block-gallery has-nested-images columns-default is-cropped wp-block-gallery-2 is-layout-flex wp-block-gallery-is-layout-flex\">\n<figure class=\"wp-block-image size-large\"><img loading=\"lazy\" decoding=\"async\" width=\"2560\" height=\"1440\" data-id=\"4030\" src=\"https:\/\/soswmyslenice.edu.pl\/new\/wp-content\/uploads\/2025\/01\/20241120_084052-scaled.jpg\" alt=\"3 ch\u0142opc\u00f3w i 3 dziewczyny stoj\u0105 przy \u0142awce, na kt\u00f3rej znajduje si\u0119 makaron, ry\u017c, cukier puder, m\u0105ka, waga kuchenna.\" class=\"wp-image-4030\" srcset=\"https:\/\/soswmyslenice.edu.pl\/new\/wp-content\/uploads\/2025\/01\/20241120_084052-scaled.jpg 2560w, https:\/\/soswmyslenice.edu.pl\/new\/wp-content\/uploads\/2025\/01\/20241120_084052-300x169.jpg 300w, https:\/\/soswmyslenice.edu.pl\/new\/wp-content\/uploads\/2025\/01\/20241120_084052-1024x576.jpg 1024w, https:\/\/soswmyslenice.edu.pl\/new\/wp-content\/uploads\/2025\/01\/20241120_084052-768x432.jpg 768w, https:\/\/soswmyslenice.edu.pl\/new\/wp-content\/uploads\/2025\/01\/20241120_084052-1536x864.jpg 1536w, https:\/\/soswmyslenice.edu.pl\/new\/wp-content\/uploads\/2025\/01\/20241120_084052-2048x1152.jpg 2048w\" sizes=\"auto, (max-width: 2560px) 100vw, 2560px\" \/><\/figure>\n<\/figure>\n<\/div>\n<\/div>\n\n\n\n<p><\/p>\n\n\n<p>[vc_row][vc_column][vc_column_text]<\/p>\n<h5 style=\"text-align: center;\">Pracownie do nauki zawodu:<\/h5>\n<h5 style=\"text-align: center;\">&#8211; pracownia technologii gastronomicznej<\/h5>\n<p>[\/vc_column_text][\/vc_column][\/vc_row]<\/p>\n\n\n\n<p>[vc_row][vc_column width=&#8221;1\/2&#8243;][vc_single_image image=&#8221;604&#8243; img_size=&#8221;large&#8221; alignment=&#8221;center&#8221; style=&#8221;vc_box_shadow_3d&#8221; onclick=&#8221;link_image&#8221;][\/vc_column][vc_column width=&#8221;1\/2&#8243;][vc_single_image image=&#8221;605&#8243; img_size=&#8221;large&#8221; alignment=&#8221;center&#8221; style=&#8221;vc_box_shadow_3d&#8221; onclick=&#8221;link_image&#8221;][\/vc_column][\/vc_row][vc_row][vc_column][vc_separator color=&#8221;mulled_wine&#8221; style=&#8221;shadow&#8221; el_width=&#8221;90&#8243;][\/vc_column][\/vc_row]<\/p>\n\n\n<p>[vc_row][vc_column][vc_column_text]<\/p>\n<h5 style=\"text-align: center;\">Gabinety rewalidacji indywidualnej do terapii pedagogicznej i psychologicznej,<\/h5>\n<p>[\/vc_column_text][\/vc_column][\/vc_row]<\/p>\n\n\n\n<p>[vc_row][vc_column][vc_separator color=&#8221;mulled_wine&#8221; style=&#8221;shadow&#8221; el_width=&#8221;90&#8243;][\/vc_column][\/vc_row][vc_row][vc_column][vc_column_text]<\/p>\n\n\n\n<h5 class=\"wp-block-heading\">Gabinety terapii metodami: Tomatis, Biofeedback<\/h5>\n\n\n\n<h5 class=\"wp-block-heading\">Gabinety terapii metodami: Alternatywnej i Wspomagaj\u0105cej Komunikacji (AAC) oraz Integracji Sensorycznej<\/h5>\n\n\n\n<div class=\"wp-block-columns is-layout-flex wp-container-core-columns-is-layout-9d6595d7 wp-block-columns-is-layout-flex\">\n<div class=\"wp-block-column is-layout-flow wp-block-column-is-layout-flow\">\n<figure class=\"wp-block-gallery has-nested-images columns-default is-cropped wp-block-gallery-3 is-layout-flex wp-block-gallery-is-layout-flex\">\n<figure class=\"wp-block-image size-large\"><img loading=\"lazy\" decoding=\"async\" width=\"1024\" height=\"768\" data-id=\"3357\" src=\"https:\/\/soswmyslenice.edu.pl\/new\/wp-content\/uploads\/2024\/05\/download.jpg\" alt=\"Ucze\u0144 podczas zaj\u0119\u0107 z alternatywnej komunikacji.\" class=\"wp-image-3357\" srcset=\"https:\/\/soswmyslenice.edu.pl\/new\/wp-content\/uploads\/2024\/05\/download.jpg 1024w, https:\/\/soswmyslenice.edu.pl\/new\/wp-content\/uploads\/2024\/05\/download-300x225.jpg 300w, https:\/\/soswmyslenice.edu.pl\/new\/wp-content\/uploads\/2024\/05\/download-768x576.jpg 768w\" sizes=\"auto, (max-width: 1024px) 100vw, 1024px\" \/><\/figure>\n<\/figure>\n<\/div>\n\n\n\n<div class=\"wp-block-column is-layout-flow wp-block-column-is-layout-flow\">\n<figure class=\"wp-block-gallery has-nested-images columns-default is-cropped wp-block-gallery-4 is-layout-flex wp-block-gallery-is-layout-flex\">\n<figure class=\"wp-block-image size-large\"><img loading=\"lazy\" decoding=\"async\" width=\"317\" height=\"206\" data-id=\"3356\" src=\"https:\/\/soswmyslenice.edu.pl\/new\/wp-content\/uploads\/2024\/05\/440816187_322239477381616_6104841452184649758_n.jpg\" alt=\"Ucze\u0144 podczas zaj\u0119\u0107 Integracji Sensorycznej.\" class=\"wp-image-3356\" srcset=\"https:\/\/soswmyslenice.edu.pl\/new\/wp-content\/uploads\/2024\/05\/440816187_322239477381616_6104841452184649758_n.jpg 317w, https:\/\/soswmyslenice.edu.pl\/new\/wp-content\/uploads\/2024\/05\/440816187_322239477381616_6104841452184649758_n-300x195.jpg 300w\" sizes=\"auto, (max-width: 317px) 100vw, 317px\" \/><\/figure>\n<\/figure>\n<\/div>\n<\/div>\n\n\n\n<p class=\"has-text-align-center has-medium-font-size\">Gabinety terapii logopedycznej.<\/p>\n\n\n\n<div class=\"wp-block-columns is-layout-flex wp-container-core-columns-is-layout-9d6595d7 wp-block-columns-is-layout-flex\">\n<div class=\"wp-block-column is-layout-flow wp-block-column-is-layout-flow\">\n<figure class=\"wp-block-gallery has-nested-images columns-default is-cropped wp-block-gallery-5 is-layout-flex wp-block-gallery-is-layout-flex\">\n<figure class=\"wp-block-image size-large\"><img loading=\"lazy\" decoding=\"async\" width=\"1000\" height=\"750\" data-id=\"3253\" src=\"https:\/\/soswmyslenice.edu.pl\/new\/wp-content\/uploads\/2024\/04\/IMG_20240301_100536.jpg\" alt=\"Ucze\u0144 podczas zaj\u0119\u0107 logopedycznych.\" class=\"wp-image-3253\" srcset=\"https:\/\/soswmyslenice.edu.pl\/new\/wp-content\/uploads\/2024\/04\/IMG_20240301_100536.jpg 1000w, https:\/\/soswmyslenice.edu.pl\/new\/wp-content\/uploads\/2024\/04\/IMG_20240301_100536-300x225.jpg 300w, https:\/\/soswmyslenice.edu.pl\/new\/wp-content\/uploads\/2024\/04\/IMG_20240301_100536-768x576.jpg 768w\" sizes=\"auto, (max-width: 1000px) 100vw, 1000px\" \/><\/figure>\n<\/figure>\n<\/div>\n\n\n\n<div class=\"wp-block-column is-layout-flow wp-block-column-is-layout-flow\">\n<figure class=\"wp-block-gallery has-nested-images columns-default is-cropped wp-block-gallery-6 is-layout-flex wp-block-gallery-is-layout-flex\">\n<figure class=\"wp-block-image size-large\"><img loading=\"lazy\" decoding=\"async\" width=\"1000\" height=\"750\" data-id=\"3252\" src=\"https:\/\/soswmyslenice.edu.pl\/new\/wp-content\/uploads\/2024\/04\/IMG_20231121_082651.jpg\" alt=\"Uczniowie podczas zaj\u0119\u0107 logopedycznych.\" class=\"wp-image-3252\" srcset=\"https:\/\/soswmyslenice.edu.pl\/new\/wp-content\/uploads\/2024\/04\/IMG_20231121_082651.jpg 1000w, https:\/\/soswmyslenice.edu.pl\/new\/wp-content\/uploads\/2024\/04\/IMG_20231121_082651-300x225.jpg 300w, https:\/\/soswmyslenice.edu.pl\/new\/wp-content\/uploads\/2024\/04\/IMG_20231121_082651-768x576.jpg 768w\" sizes=\"auto, (max-width: 1000px) 100vw, 1000px\" \/><\/figure>\n<\/figure>\n<\/div>\n<\/div>\n\n\n\n<p class=\"has-text-align-center has-medium-font-size\">Nowoczesn\u0105 pracowni\u0119 komputerow\u0105 z dost\u0119pem do Internetu<\/p>\n\n\n\n<div class=\"wp-block-columns is-layout-flex wp-container-core-columns-is-layout-9d6595d7 wp-block-columns-is-layout-flex\">\n<div class=\"wp-block-column is-layout-flow wp-block-column-is-layout-flow\">\n<figure class=\"wp-block-gallery has-nested-images columns-default is-cropped wp-block-gallery-7 is-layout-flex wp-block-gallery-is-layout-flex\">\n<figure class=\"wp-block-image size-large\"><img loading=\"lazy\" decoding=\"async\" width=\"720\" height=\"540\" data-id=\"3255\" src=\"https:\/\/soswmyslenice.edu.pl\/new\/wp-content\/uploads\/2024\/04\/download-2.jpg\" alt=\"Uczniowie podczas zaj\u0119\u0107 z informatyki.\" class=\"wp-image-3255\" srcset=\"https:\/\/soswmyslenice.edu.pl\/new\/wp-content\/uploads\/2024\/04\/download-2.jpg 720w, https:\/\/soswmyslenice.edu.pl\/new\/wp-content\/uploads\/2024\/04\/download-2-300x225.jpg 300w\" sizes=\"auto, (max-width: 720px) 100vw, 720px\" \/><\/figure>\n<\/figure>\n<\/div>\n\n\n\n<div class=\"wp-block-column is-layout-flow wp-block-column-is-layout-flow\">\n<figure class=\"wp-block-gallery has-nested-images columns-default is-cropped wp-block-gallery-8 is-layout-flex wp-block-gallery-is-layout-flex\">\n<figure class=\"wp-block-image size-large\"><img loading=\"lazy\" decoding=\"async\" width=\"1000\" height=\"750\" data-id=\"3550\" src=\"https:\/\/soswmyslenice.edu.pl\/new\/wp-content\/uploads\/2024\/09\/7008447d-57c1-45d4-8282-29c8649f2930.jpg\" alt=\"Uczniowie podczas zaj\u0119\u0107 z wykorzystaniem robota Photon\" class=\"wp-image-3550\" srcset=\"https:\/\/soswmyslenice.edu.pl\/new\/wp-content\/uploads\/2024\/09\/7008447d-57c1-45d4-8282-29c8649f2930.jpg 1000w, https:\/\/soswmyslenice.edu.pl\/new\/wp-content\/uploads\/2024\/09\/7008447d-57c1-45d4-8282-29c8649f2930-300x225.jpg 300w, https:\/\/soswmyslenice.edu.pl\/new\/wp-content\/uploads\/2024\/09\/7008447d-57c1-45d4-8282-29c8649f2930-768x576.jpg 768w\" sizes=\"auto, (max-width: 1000px) 100vw, 1000px\" \/><\/figure>\n<\/figure>\n<\/div>\n<\/div>\n\n\n\n<p class=\"has-text-align-center has-medium-font-size\">Bibliotek\u0119 z czytelni\u0105 i Centrum Informacji Multimedialnej<\/p>\n\n\n\n<div class=\"wp-block-columns is-layout-flex wp-container-core-columns-is-layout-9d6595d7 wp-block-columns-is-layout-flex\">\n<div class=\"wp-block-column is-layout-flow wp-block-column-is-layout-flow\">\n<figure class=\"wp-block-gallery has-nested-images columns-default is-cropped wp-block-gallery-9 is-layout-flex wp-block-gallery-is-layout-flex\">\n<figure class=\"wp-block-image size-large\"><img loading=\"lazy\" decoding=\"async\" width=\"898\" height=\"673\" data-id=\"3248\" src=\"https:\/\/soswmyslenice.edu.pl\/new\/wp-content\/uploads\/2024\/04\/download-1.jpg\" alt=\"Bibliotekarka wr\u0119cza po\u017cyczon\u0105 ksi\u0105\u017ck\u0119 uczennicy.\" class=\"wp-image-3248\" srcset=\"https:\/\/soswmyslenice.edu.pl\/new\/wp-content\/uploads\/2024\/04\/download-1.jpg 898w, https:\/\/soswmyslenice.edu.pl\/new\/wp-content\/uploads\/2024\/04\/download-1-300x225.jpg 300w, https:\/\/soswmyslenice.edu.pl\/new\/wp-content\/uploads\/2024\/04\/download-1-768x576.jpg 768w\" sizes=\"auto, (max-width: 898px) 100vw, 898px\" \/><\/figure>\n<\/figure>\n<\/div>\n\n\n\n<div class=\"wp-block-column is-layout-flow wp-block-column-is-layout-flow\">\n<figure class=\"wp-block-gallery has-nested-images columns-default is-cropped wp-block-gallery-10 is-layout-flex wp-block-gallery-is-layout-flex\">\n<figure class=\"wp-block-image size-large\"><img loading=\"lazy\" decoding=\"async\" width=\"720\" height=\"540\" data-id=\"3249\" src=\"https:\/\/soswmyslenice.edu.pl\/new\/wp-content\/uploads\/2024\/04\/download1.jpg\" alt=\"Uczniowie korzystaj\u0105 z czytelni.\" class=\"wp-image-3249\" srcset=\"https:\/\/soswmyslenice.edu.pl\/new\/wp-content\/uploads\/2024\/04\/download1.jpg 720w, https:\/\/soswmyslenice.edu.pl\/new\/wp-content\/uploads\/2024\/04\/download1-300x225.jpg 300w\" sizes=\"auto, (max-width: 720px) 100vw, 720px\" \/><\/figure>\n<\/figure>\n<\/div>\n<\/div>\n\n\n\n<p class=\"has-text-align-center has-medium-font-size\">Boisko sportowe, plac zabaw dla dzieci<\/p>\n\n\n\n<div class=\"wp-block-columns is-layout-flex wp-container-core-columns-is-layout-9d6595d7 wp-block-columns-is-layout-flex\">\n<div class=\"wp-block-column is-layout-flow wp-block-column-is-layout-flow\">\n<figure class=\"wp-block-gallery has-nested-images columns-default is-cropped wp-block-gallery-11 is-layout-flex wp-block-gallery-is-layout-flex\">\n<figure class=\"wp-block-image size-large\"><img loading=\"lazy\" decoding=\"async\" width=\"720\" height=\"405\" data-id=\"3394\" src=\"https:\/\/soswmyslenice.edu.pl\/new\/wp-content\/uploads\/2024\/05\/99.jpg\" alt=\"Boisko szkolne.\" class=\"wp-image-3394\" srcset=\"https:\/\/soswmyslenice.edu.pl\/new\/wp-content\/uploads\/2024\/05\/99.jpg 720w, https:\/\/soswmyslenice.edu.pl\/new\/wp-content\/uploads\/2024\/05\/99-300x169.jpg 300w\" sizes=\"auto, (max-width: 720px) 100vw, 720px\" \/><\/figure>\n<\/figure>\n<\/div>\n\n\n\n<div class=\"wp-block-column is-layout-flow wp-block-column-is-layout-flow\">\n<figure class=\"wp-block-gallery has-nested-images columns-default is-cropped wp-block-gallery-12 is-layout-flex wp-block-gallery-is-layout-flex\">\n<figure class=\"wp-block-image size-large\"><img loading=\"lazy\" decoding=\"async\" width=\"720\" height=\"370\" data-id=\"3363\" src=\"https:\/\/soswmyslenice.edu.pl\/new\/wp-content\/uploads\/2024\/05\/92.jpg\" alt=\"Szkolny plac zabaw.\" class=\"wp-image-3363\" srcset=\"https:\/\/soswmyslenice.edu.pl\/new\/wp-content\/uploads\/2024\/05\/92.jpg 720w, https:\/\/soswmyslenice.edu.pl\/new\/wp-content\/uploads\/2024\/05\/92-300x154.jpg 300w\" sizes=\"auto, (max-width: 720px) 100vw, 720px\" \/><\/figure>\n<\/figure>\n<\/div>\n<\/div>\n\n\n\n<p class=\"has-text-align-center has-medium-font-size\">Nowoczesn\u0105 sal\u0119 gimnastyczno &#8211; rehabilitacyjn\u0105 z zapleczem socjalnym<\/p>\n\n\n\n<div class=\"wp-block-columns is-layout-flex wp-container-core-columns-is-layout-9d6595d7 wp-block-columns-is-layout-flex\">\n<div class=\"wp-block-column is-layout-flow wp-block-column-is-layout-flow\">\n<figure class=\"wp-block-gallery has-nested-images columns-default is-cropped wp-block-gallery-13 is-layout-flex wp-block-gallery-is-layout-flex\">\n<figure class=\"wp-block-image size-large\"><img loading=\"lazy\" decoding=\"async\" width=\"2048\" height=\"1536\" data-id=\"3396\" src=\"https:\/\/soswmyslenice.edu.pl\/new\/wp-content\/uploads\/2024\/05\/a2f9ce02-364e-4d06-8012-34e115220b7d.jpeg\" alt=\"Sala gimnastyczna.\" class=\"wp-image-3396\" srcset=\"https:\/\/soswmyslenice.edu.pl\/new\/wp-content\/uploads\/2024\/05\/a2f9ce02-364e-4d06-8012-34e115220b7d.jpeg 2048w, https:\/\/soswmyslenice.edu.pl\/new\/wp-content\/uploads\/2024\/05\/a2f9ce02-364e-4d06-8012-34e115220b7d-300x225.jpeg 300w, https:\/\/soswmyslenice.edu.pl\/new\/wp-content\/uploads\/2024\/05\/a2f9ce02-364e-4d06-8012-34e115220b7d-1024x768.jpeg 1024w, https:\/\/soswmyslenice.edu.pl\/new\/wp-content\/uploads\/2024\/05\/a2f9ce02-364e-4d06-8012-34e115220b7d-768x576.jpeg 768w, https:\/\/soswmyslenice.edu.pl\/new\/wp-content\/uploads\/2024\/05\/a2f9ce02-364e-4d06-8012-34e115220b7d-1536x1152.jpeg 1536w\" sizes=\"auto, (max-width: 2048px) 100vw, 2048px\" \/><\/figure>\n<\/figure>\n<\/div>\n\n\n\n<div class=\"wp-block-column is-layout-flow wp-block-column-is-layout-flow\">\n<figure class=\"wp-block-gallery has-nested-images columns-default is-cropped wp-block-gallery-14 is-layout-flex wp-block-gallery-is-layout-flex\">\n<figure class=\"wp-block-image size-large\"><img loading=\"lazy\" decoding=\"async\" width=\"2048\" height=\"1536\" data-id=\"3920\" src=\"https:\/\/soswmyslenice.edu.pl\/new\/wp-content\/uploads\/2024\/11\/8bc54c55-3722-4b54-a3f0-3c5aefb26320.jpeg\" alt=\"Sala gimnastyczna a w niej 2 sto\u0142y pingpongowe, z ty\u0142u drabinki.\" class=\"wp-image-3920\" srcset=\"https:\/\/soswmyslenice.edu.pl\/new\/wp-content\/uploads\/2024\/11\/8bc54c55-3722-4b54-a3f0-3c5aefb26320.jpeg 2048w, https:\/\/soswmyslenice.edu.pl\/new\/wp-content\/uploads\/2024\/11\/8bc54c55-3722-4b54-a3f0-3c5aefb26320-300x225.jpeg 300w, https:\/\/soswmyslenice.edu.pl\/new\/wp-content\/uploads\/2024\/11\/8bc54c55-3722-4b54-a3f0-3c5aefb26320-1024x768.jpeg 1024w, https:\/\/soswmyslenice.edu.pl\/new\/wp-content\/uploads\/2024\/11\/8bc54c55-3722-4b54-a3f0-3c5aefb26320-768x576.jpeg 768w, https:\/\/soswmyslenice.edu.pl\/new\/wp-content\/uploads\/2024\/11\/8bc54c55-3722-4b54-a3f0-3c5aefb26320-1536x1152.jpeg 1536w\" sizes=\"auto, (max-width: 2048px) 100vw, 2048px\" \/><\/figure>\n<\/figure>\n<\/div>\n<\/div>\n\n\n\n<h2 class=\"has-text-align-center has-medium-font-size wp-block-heading\">\u015awietlic\u0119<\/h2>\n\n\n\n<div class=\"wp-block-columns is-layout-flex wp-container-core-columns-is-layout-9d6595d7 wp-block-columns-is-layout-flex\">\n<div class=\"wp-block-column is-layout-flow wp-block-column-is-layout-flow\">\n<figure class=\"wp-block-gallery has-nested-images columns-default is-cropped wp-block-gallery-15 is-layout-flex wp-block-gallery-is-layout-flex\">\n<figure class=\"wp-block-image size-large\"><img loading=\"lazy\" decoding=\"async\" width=\"1000\" height=\"750\" data-id=\"3218\" src=\"https:\/\/soswmyslenice.edu.pl\/new\/wp-content\/uploads\/2024\/04\/fd086882-a71f-404d-bc64-35ac99ef8695.jpg\" alt=\"\u015awietlica szkolna.\" class=\"wp-image-3218\" srcset=\"https:\/\/soswmyslenice.edu.pl\/new\/wp-content\/uploads\/2024\/04\/fd086882-a71f-404d-bc64-35ac99ef8695.jpg 1000w, https:\/\/soswmyslenice.edu.pl\/new\/wp-content\/uploads\/2024\/04\/fd086882-a71f-404d-bc64-35ac99ef8695-300x225.jpg 300w, https:\/\/soswmyslenice.edu.pl\/new\/wp-content\/uploads\/2024\/04\/fd086882-a71f-404d-bc64-35ac99ef8695-768x576.jpg 768w\" sizes=\"auto, (max-width: 1000px) 100vw, 1000px\" \/><\/figure>\n<\/figure>\n<\/div>\n\n\n\n<div class=\"wp-block-column is-layout-flow wp-block-column-is-layout-flow\">\n<figure class=\"wp-block-gallery has-nested-images columns-default is-cropped wp-block-gallery-16 is-layout-flex wp-block-gallery-is-layout-flex\">\n<figure class=\"wp-block-image size-large\"><img loading=\"lazy\" decoding=\"async\" width=\"1000\" height=\"750\" data-id=\"3217\" src=\"https:\/\/soswmyslenice.edu.pl\/new\/wp-content\/uploads\/2024\/04\/eb546019-02fe-44dd-9c2c-e8ce1a729c8f.jpg\" alt=\"\u015awietlica szkolna.\" class=\"wp-image-3217\" srcset=\"https:\/\/soswmyslenice.edu.pl\/new\/wp-content\/uploads\/2024\/04\/eb546019-02fe-44dd-9c2c-e8ce1a729c8f.jpg 1000w, https:\/\/soswmyslenice.edu.pl\/new\/wp-content\/uploads\/2024\/04\/eb546019-02fe-44dd-9c2c-e8ce1a729c8f-300x225.jpg 300w, https:\/\/soswmyslenice.edu.pl\/new\/wp-content\/uploads\/2024\/04\/eb546019-02fe-44dd-9c2c-e8ce1a729c8f-768x576.jpg 768w\" sizes=\"auto, (max-width: 1000px) 100vw, 1000px\" \/><\/figure>\n<\/figure>\n<\/div>\n<\/div>\n\n\n\n<p class=\"has-text-align-center has-medium-font-size\">Kuchni\u0119 i sto\u0142\u00f3wk\u0119<\/p>\n\n\n\n<div class=\"wp-block-columns is-layout-flex wp-container-core-columns-is-layout-9d6595d7 wp-block-columns-is-layout-flex\">\n<div class=\"wp-block-column is-layout-flow wp-block-column-is-layout-flow\">\n<figure class=\"wp-block-gallery has-nested-images columns-default is-cropped wp-block-gallery-17 is-layout-flex wp-block-gallery-is-layout-flex\">\n<figure class=\"wp-block-image size-large\"><img loading=\"lazy\" decoding=\"async\" width=\"2000\" height=\"1500\" data-id=\"3342\" src=\"https:\/\/soswmyslenice.edu.pl\/new\/wp-content\/uploads\/2024\/05\/002.jpg\" alt=\"Jadalnia O\u015brodka a w niej sto\u0142y..\" class=\"wp-image-3342\" srcset=\"https:\/\/soswmyslenice.edu.pl\/new\/wp-content\/uploads\/2024\/05\/002.jpg 2000w, https:\/\/soswmyslenice.edu.pl\/new\/wp-content\/uploads\/2024\/05\/002-300x225.jpg 300w, https:\/\/soswmyslenice.edu.pl\/new\/wp-content\/uploads\/2024\/05\/002-1024x768.jpg 1024w, https:\/\/soswmyslenice.edu.pl\/new\/wp-content\/uploads\/2024\/05\/002-768x576.jpg 768w, https:\/\/soswmyslenice.edu.pl\/new\/wp-content\/uploads\/2024\/05\/002-1536x1152.jpg 1536w\" sizes=\"auto, (max-width: 2000px) 100vw, 2000px\" \/><\/figure>\n<\/figure>\n<\/div>\n\n\n\n<div class=\"wp-block-column is-layout-flow wp-block-column-is-layout-flow\">\n<figure class=\"wp-block-gallery has-nested-images columns-default is-cropped wp-block-gallery-18 is-layout-flex wp-block-gallery-is-layout-flex\">\n<figure class=\"wp-block-image size-large\"><img loading=\"lazy\" decoding=\"async\" width=\"1600\" height=\"1200\" data-id=\"3341\" src=\"https:\/\/soswmyslenice.edu.pl\/new\/wp-content\/uploads\/2024\/05\/003.jpg\" alt=\"Pierogi le\u017c\u0105ce na stolnicy w kuchni, z ty\u0142u kuchenka do gotowania.\" class=\"wp-image-3341\" srcset=\"https:\/\/soswmyslenice.edu.pl\/new\/wp-content\/uploads\/2024\/05\/003.jpg 1600w, https:\/\/soswmyslenice.edu.pl\/new\/wp-content\/uploads\/2024\/05\/003-300x225.jpg 300w, https:\/\/soswmyslenice.edu.pl\/new\/wp-content\/uploads\/2024\/05\/003-1024x768.jpg 1024w, https:\/\/soswmyslenice.edu.pl\/new\/wp-content\/uploads\/2024\/05\/003-768x576.jpg 768w, https:\/\/soswmyslenice.edu.pl\/new\/wp-content\/uploads\/2024\/05\/003-1536x1152.jpg 1536w\" sizes=\"auto, (max-width: 1600px) 100vw, 1600px\" \/><\/figure>\n<\/figure>\n<\/div>\n<\/div>\n\n\n\n<h5 class=\"has-text-align-center has-medium-font-size wp-block-heading\">Internat: sypialnie 3-osobowe, \u0142azienki, toalety;<\/h5>\n\n\n\n<div class=\"wp-block-columns is-layout-flex wp-container-core-columns-is-layout-9d6595d7 wp-block-columns-is-layout-flex\">\n<div class=\"wp-block-column is-layout-flow wp-block-column-is-layout-flow\">\n<figure class=\"wp-block-gallery has-nested-images columns-default is-cropped wp-block-gallery-19 is-layout-flex wp-block-gallery-is-layout-flex\">\n<figure class=\"wp-block-image size-large\"><img loading=\"lazy\" decoding=\"async\" width=\"1000\" height=\"750\" data-id=\"3204\" src=\"https:\/\/soswmyslenice.edu.pl\/new\/wp-content\/uploads\/2024\/04\/6483f5de-c10d-4be1-8459-5f3da196a187-rotated.jpg\" alt=\"\u0141azienka w internacie.\" class=\"wp-image-3204\" srcset=\"https:\/\/soswmyslenice.edu.pl\/new\/wp-content\/uploads\/2024\/04\/6483f5de-c10d-4be1-8459-5f3da196a187-rotated.jpg 1000w, https:\/\/soswmyslenice.edu.pl\/new\/wp-content\/uploads\/2024\/04\/6483f5de-c10d-4be1-8459-5f3da196a187-300x225.jpg 300w, https:\/\/soswmyslenice.edu.pl\/new\/wp-content\/uploads\/2024\/04\/6483f5de-c10d-4be1-8459-5f3da196a187-768x576.jpg 768w\" sizes=\"auto, (max-width: 1000px) 100vw, 1000px\" \/><\/figure>\n<\/figure>\n<\/div>\n\n\n\n<div class=\"wp-block-column is-layout-flow wp-block-column-is-layout-flow\">\n<figure class=\"wp-block-gallery has-nested-images columns-default is-cropped wp-block-gallery-20 is-layout-flex wp-block-gallery-is-layout-flex\">\n<figure class=\"wp-block-image size-large\"><img loading=\"lazy\" decoding=\"async\" width=\"2048\" height=\"1153\" data-id=\"4151\" src=\"https:\/\/soswmyslenice.edu.pl\/new\/wp-content\/uploads\/2025\/03\/7a8dba96-75ae-4b8c-9fbf-552df97f4f44.jpg\" alt=\"Zdj\u0119cie pokoju internatowego, w kt\u00f3rym znajduj\u0105 si\u0119 2 \u0142\u00f3\u017cka, stolik z krzes\u0142ami, szafa i dywan.\" class=\"wp-image-4151\" srcset=\"https:\/\/soswmyslenice.edu.pl\/new\/wp-content\/uploads\/2025\/03\/7a8dba96-75ae-4b8c-9fbf-552df97f4f44.jpg 2048w, https:\/\/soswmyslenice.edu.pl\/new\/wp-content\/uploads\/2025\/03\/7a8dba96-75ae-4b8c-9fbf-552df97f4f44-300x169.jpg 300w, https:\/\/soswmyslenice.edu.pl\/new\/wp-content\/uploads\/2025\/03\/7a8dba96-75ae-4b8c-9fbf-552df97f4f44-1024x577.jpg 1024w, https:\/\/soswmyslenice.edu.pl\/new\/wp-content\/uploads\/2025\/03\/7a8dba96-75ae-4b8c-9fbf-552df97f4f44-768x432.jpg 768w, https:\/\/soswmyslenice.edu.pl\/new\/wp-content\/uploads\/2025\/03\/7a8dba96-75ae-4b8c-9fbf-552df97f4f44-1536x865.jpg 1536w\" sizes=\"auto, (max-width: 2048px) 100vw, 2048px\" \/><\/figure>\n<\/figure>\n<\/div>\n<\/div>\n\n\n\n<p><\/p>\n<\/div>","protected":false},"excerpt":{"rendered":"<p>[vc_row][vc_column][vc_separator color=&#8221;mulled_wine&#8221;][\/vc_column][\/vc_row] [vc_row][vc_column][vc_separator color=&#8221;mulled_wine&#8221; style=&#8221;shadow&#8221; el_width=&#8221;90&#8243;][\/vc_column][\/vc_row] [vc_row][vc_column width=&#8221;1\/2&#8243;][vc_single_image image=&#8221;604&#8243; img_size=&#8221;large&#8221; alignment=&#8221;center&#8221; style=&#8221;vc_box_shadow_3d&#8221; onclick=&#8221;link_image&#8221;][\/vc_column][vc_column width=&#8221;1\/2&#8243;][vc_single_image image=&#8221;605&#8243; img_size=&#8221;large&#8221; alignment=&#8221;center&#8221; style=&#8221;vc_box_shadow_3d&#8221; onclick=&#8221;link_image&#8221;][\/vc_column][\/vc_row][vc_row][vc_column][vc_separator color=&#8221;mulled_wine&#8221; style=&#8221;shadow&#8221; el_width=&#8221;90&#8243;][\/vc_column][\/vc_row] [vc_row][vc_column][vc_separator color=&#8221;mulled_wine&#8221; style=&#8221;shadow&#8221;&hellip;<\/p>\n","protected":false},"author":2,"featured_media":0,"parent":22,"menu_order":0,"comment_status":"closed","ping_status":"closed","template":"","meta":{"footnotes":""},"class_list":["post-27","page","type-page","status-publish","hentry"],"_links":{"self":[{"href":"https:\/\/soswmyslenice.edu.pl\/new\/index.php\/wp-json\/wp\/v2\/pages\/27","targetHints":{"allow":["GET"]}}],"collection":[{"href":"https:\/\/soswmyslenice.edu.pl\/new\/index.php\/wp-json\/wp\/v2\/pages"}],"about":[{"href":"https:\/\/soswmyslenice.edu.pl\/new\/index.php\/wp-json\/wp\/v2\/types\/page"}],"author":[{"embeddable":true,"href":"https:\/\/soswmyslenice.edu.pl\/new\/index.php\/wp-json\/wp\/v2\/users\/2"}],"replies":[{"embeddable":true,"href":"https:\/\/soswmyslenice.edu.pl\/new\/index.php\/wp-json\/wp\/v2\/comments?post=27"}],"version-history":[{"count":40,"href":"https:\/\/soswmyslenice.edu.pl\/new\/index.php\/wp-json\/wp\/v2\/pages\/27\/revisions"}],"predecessor-version":[{"id":4153,"href":"https:\/\/soswmyslenice.edu.pl\/new\/index.php\/wp-json\/wp\/v2\/pages\/27\/revisions\/4153"}],"up":[{"embeddable":true,"href":"https:\/\/soswmyslenice.edu.pl\/new\/index.php\/wp-json\/wp\/v2\/pages\/22"}],"wp:attachment":[{"href":"https:\/\/soswmyslenice.edu.pl\/new\/index.php\/wp-json\/wp\/v2\/media?parent=27"}],"curies":[{"name":"wp","href":"https:\/\/api.w.org\/{rel}","templated":true}]}}