{"id":4540,"date":"2025-09-08T10:53:35","date_gmt":"2025-09-08T08:53:35","guid":{"rendered":"https:\/\/soswmyslenice.edu.pl\/new\/?page_id=4540"},"modified":"2026-03-03T10:25:00","modified_gmt":"2026-03-03T09:25:00","slug":"rok-szkolny-2025-2026","status":"publish","type":"page","link":"https:\/\/soswmyslenice.edu.pl\/new\/index.php\/rok-szkolny-2025-2026\/","title":{"rendered":"Aktualno\u015bci rok szkolny 2025\/2026"},"content":{"rendered":"\n<hr class=\"wp-block-separator has-alpha-channel-opacity\"\/>\n\n\n<div class=\"wp-block-image\">\n<figure class=\"aligncenter size-large is-resized\"><img loading=\"lazy\" decoding=\"async\" width=\"731\" height=\"1024\" src=\"https:\/\/soswmyslenice.edu.pl\/new\/wp-content\/uploads\/2026\/03\/Dzien-Otwarty-2025-2-1-731x1024.png\" alt=\"\" class=\"wp-image-4840\" style=\"width:403px;height:auto\" srcset=\"https:\/\/soswmyslenice.edu.pl\/new\/wp-content\/uploads\/2026\/03\/Dzien-Otwarty-2025-2-1-731x1024.png 731w, https:\/\/soswmyslenice.edu.pl\/new\/wp-content\/uploads\/2026\/03\/Dzien-Otwarty-2025-2-1-214x300.png 214w, https:\/\/soswmyslenice.edu.pl\/new\/wp-content\/uploads\/2026\/03\/Dzien-Otwarty-2025-2-1-768x1075.png 768w, https:\/\/soswmyslenice.edu.pl\/new\/wp-content\/uploads\/2026\/03\/Dzien-Otwarty-2025-2-1-1097x1536.png 1097w, https:\/\/soswmyslenice.edu.pl\/new\/wp-content\/uploads\/2026\/03\/Dzien-Otwarty-2025-2-1-1463x2048.png 1463w, https:\/\/soswmyslenice.edu.pl\/new\/wp-content\/uploads\/2026\/03\/Dzien-Otwarty-2025-2-1-scaled.png 1829w\" sizes=\"auto, (max-width: 731px) 100vw, 731px\" \/><\/figure><\/div>\n\n\n<p class=\"has-medium-font-size\">Serdecznie zapraszamy na Dzie\u0144 Otwarty w Specjalnym O\u015brodku Szkolno-Wychowawczym w My\u015blenicach<\/p>\n\n\n\n<p><img loading=\"lazy\" decoding=\"async\" height=\"16\" width=\"16\" src=\"https:\/\/static.xx.fbcdn.net\/images\/emoji.php\/v9\/t7e\/1\/16\/1f4c5.png\" alt=\"\ud83d\udcc5\"> 5 marca 2026 roku <img loading=\"lazy\" decoding=\"async\" height=\"16\" width=\"16\" src=\"https:\/\/static.xx.fbcdn.net\/images\/emoji.php\/v9\/t4b\/1\/16\/1f564.png\" alt=\"\ud83d\udd64\"> w godzinach 9:30\u201311:00<\/p>\n\n\n\n<p>To doskona\u0142a okazja, aby:<\/p>\n\n\n\n<p><img loading=\"lazy\" decoding=\"async\" height=\"16\" width=\"16\" alt=\"\u2728\" src=\"https:\/\/static.xx.fbcdn.net\/images\/emoji.php\/v9\/tf4\/1\/16\/2728.png\"> pozna\u0107 nasz\u0105 ofert\u0119 edukacyjn\u0105 i terapeutyczn\u0105<\/p>\n\n\n\n<p><img loading=\"lazy\" decoding=\"async\" height=\"16\" width=\"16\" alt=\"\u2728\" src=\"https:\/\/static.xx.fbcdn.net\/images\/emoji.php\/v9\/tf4\/1\/16\/2728.png\"> zobaczy\u0107, jak pracujemy na co dzie\u0144<\/p>\n\n\n\n<p><img loading=\"lazy\" decoding=\"async\" height=\"16\" width=\"16\" alt=\"\u2728\" src=\"https:\/\/static.xx.fbcdn.net\/images\/emoji.php\/v9\/tf4\/1\/16\/2728.png\"> porozmawia\u0107 z nauczycielami i specjalistami<\/p>\n\n\n\n<p><img loading=\"lazy\" decoding=\"async\" height=\"16\" width=\"16\" alt=\"\u2728\" src=\"https:\/\/static.xx.fbcdn.net\/images\/emoji.php\/v9\/tf4\/1\/16\/2728.png\"> obejrze\u0107 sale dydaktyczne oraz zaplecze terapeutyczne<\/p>\n\n\n\n<p>Ch\u0119tnie odpowiemy na wszystkie pytania i opowiemy, jak wspieramy rozw\u00f3j naszych uczni\u00f3w w przyjaznej i bezpiecznej atmosferze.<\/p>\n\n\n\n<p>Zapraszamy rodzic\u00f3w, opiekun\u00f3w oraz wszystkie osoby zainteresowane nasz\u0105 plac\u00f3wk\u0105.<\/p>\n\n\n\n<p class=\"has-medium-font-size\"><\/p>\n\n\n\n<figure class=\"wp-block-pullquote has-medium-font-size\"><blockquote><p><strong>Rozpocz\u0119cie roku szkolnego 2025\/2026<\/strong><\/p><\/blockquote><\/figure>\n\n\n\n<p class=\"has-text-align-left\">Witamy w nowym roku szkolnym 2025\/2026! Po wakacyjnej przerwie wracamy pe\u0142ni energii i gotowi na nowe wyzwania:<\/p>\n\n\n\n<p class=\"has-text-align-left\">&#8211; uczniom \u017cyczymy wiary w siebie, rado\u015bci i sukces<\/p>\n\n\n\n<p class=\"has-text-align-left\">&#8211; nauczycielom \u2013 inspiracji, cierpliwo\u015bci i satysfakcji z pracy<\/p>\n\n\n\n<p class=\"has-text-align-left\">&#8211; rodzicom \u2013 spokoju, zaufania i dumy z ka\u017cdego kroku dzieci.<\/p>\n\n\n\n<p class=\"has-text-align-left\">Niech ten rok przyniesie pi\u0119kne chwile , rozw\u00f3j i wsp\u00f3lne zwyci\u0119stwa. Razem tworzymy wyj\u0105tkow\u0105 szkoln\u0105 spo\u0142eczno\u015b\u0107!<\/p>\n\n\n\n<div class=\"wp-block-columns is-layout-flex wp-container-core-columns-is-layout-9d6595d7 wp-block-columns-is-layout-flex\">\n<div class=\"wp-block-column is-layout-flow wp-block-column-is-layout-flow\" style=\"flex-basis:100%\">\n<div class=\"wp-block-group\"><div class=\"wp-block-group__inner-container is-layout-constrained wp-block-group-is-layout-constrained\">\n<div class=\"wp-block-columns is-layout-flex wp-container-core-columns-is-layout-9d6595d7 wp-block-columns-is-layout-flex\">\n<div class=\"wp-block-column is-layout-flow wp-block-column-is-layout-flow\" style=\"flex-basis:100%\">\n<figure class=\"wp-block-gallery aligncenter has-nested-images columns-default is-cropped wp-block-gallery-1 is-layout-flex wp-block-gallery-is-layout-flex\"><\/figure>\n<\/div>\n<\/div>\n\n\n\n<figure class=\"wp-block-gallery has-nested-images columns-default is-cropped wp-block-gallery-2 is-layout-flex wp-block-gallery-is-layout-flex\">\n<figure class=\"wp-block-image size-large\"><img loading=\"lazy\" decoding=\"async\" width=\"1024\" height=\"473\" data-id=\"4695\" src=\"https:\/\/soswmyslenice.edu.pl\/new\/wp-content\/uploads\/2025\/12\/541938848_1185419276945966_4944943000143614533_n-1024x473.jpg\" alt=\"\" class=\"wp-image-4695\" srcset=\"https:\/\/soswmyslenice.edu.pl\/new\/wp-content\/uploads\/2025\/12\/541938848_1185419276945966_4944943000143614533_n-1024x473.jpg 1024w, https:\/\/soswmyslenice.edu.pl\/new\/wp-content\/uploads\/2025\/12\/541938848_1185419276945966_4944943000143614533_n-300x139.jpg 300w, https:\/\/soswmyslenice.edu.pl\/new\/wp-content\/uploads\/2025\/12\/541938848_1185419276945966_4944943000143614533_n-768x355.jpg 768w, https:\/\/soswmyslenice.edu.pl\/new\/wp-content\/uploads\/2025\/12\/541938848_1185419276945966_4944943000143614533_n-1536x710.jpg 1536w, https:\/\/soswmyslenice.edu.pl\/new\/wp-content\/uploads\/2025\/12\/541938848_1185419276945966_4944943000143614533_n.jpg 2048w\" sizes=\"auto, (max-width: 1024px) 100vw, 1024px\" \/><\/figure>\n\n\n\n<figure class=\"wp-block-image size-large\"><img loading=\"lazy\" decoding=\"async\" width=\"768\" height=\"1024\" data-id=\"4692\" src=\"https:\/\/soswmyslenice.edu.pl\/new\/wp-content\/uploads\/2025\/12\/540884004_1185419640279263_546966691796816556_n-768x1024.jpg\" alt=\"\" class=\"wp-image-4692\" srcset=\"https:\/\/soswmyslenice.edu.pl\/new\/wp-content\/uploads\/2025\/12\/540884004_1185419640279263_546966691796816556_n-768x1024.jpg 768w, https:\/\/soswmyslenice.edu.pl\/new\/wp-content\/uploads\/2025\/12\/540884004_1185419640279263_546966691796816556_n-225x300.jpg 225w, https:\/\/soswmyslenice.edu.pl\/new\/wp-content\/uploads\/2025\/12\/540884004_1185419640279263_546966691796816556_n-1152x1536.jpg 1152w, https:\/\/soswmyslenice.edu.pl\/new\/wp-content\/uploads\/2025\/12\/540884004_1185419640279263_546966691796816556_n.jpg 1536w\" sizes=\"auto, (max-width: 768px) 100vw, 768px\" \/><\/figure>\n<\/figure>\n<\/div><\/div>\n<\/div>\n<\/div>\n\n\n\n<figure class=\"wp-block-image size-large\"><img loading=\"lazy\" decoding=\"async\" width=\"1024\" height=\"768\" src=\"https:\/\/soswmyslenice.edu.pl\/new\/wp-content\/uploads\/2025\/12\/541742616_1185419476945946_3641639621180880951_n-1024x768.jpg\" alt=\"\" class=\"wp-image-4694\" srcset=\"https:\/\/soswmyslenice.edu.pl\/new\/wp-content\/uploads\/2025\/12\/541742616_1185419476945946_3641639621180880951_n-1024x768.jpg 1024w, https:\/\/soswmyslenice.edu.pl\/new\/wp-content\/uploads\/2025\/12\/541742616_1185419476945946_3641639621180880951_n-300x225.jpg 300w, https:\/\/soswmyslenice.edu.pl\/new\/wp-content\/uploads\/2025\/12\/541742616_1185419476945946_3641639621180880951_n-768x576.jpg 768w, https:\/\/soswmyslenice.edu.pl\/new\/wp-content\/uploads\/2025\/12\/541742616_1185419476945946_3641639621180880951_n-1536x1152.jpg 1536w, https:\/\/soswmyslenice.edu.pl\/new\/wp-content\/uploads\/2025\/12\/541742616_1185419476945946_3641639621180880951_n.jpg 2048w\" sizes=\"auto, (max-width: 1024px) 100vw, 1024px\" \/><\/figure>\n\n\n\n<div class=\"wp-block-columns is-layout-flex wp-container-core-columns-is-layout-9d6595d7 wp-block-columns-is-layout-flex\">\n<div class=\"wp-block-column is-layout-flow wp-block-column-is-layout-flow\" style=\"flex-basis:100%\">\n<div class=\"wp-block-group\"><div class=\"wp-block-group__inner-container is-layout-constrained wp-block-group-is-layout-constrained\">\n<div class=\"wp-block-columns is-layout-flex wp-container-core-columns-is-layout-9d6595d7 wp-block-columns-is-layout-flex\">\n<div class=\"wp-block-column is-layout-flow wp-block-column-is-layout-flow\"><\/div>\n\n\n\n<div class=\"wp-block-column is-layout-flow wp-block-column-is-layout-flow\"><\/div>\n<\/div>\n<\/div><\/div>\n\n\n\n<figure class=\"wp-block-pullquote has-medium-font-size\"><blockquote><p><strong>Dzie\u0144 U\u015bmiechu w Zatorlandzie<\/strong><\/p><\/blockquote><\/figure>\n<\/div>\n\n\n\n<div class=\"wp-block-column is-layout-flow wp-block-column-is-layout-flow\"><\/div>\n<\/div>\n\n\n\n<p>5 wrze\u015bnia z okazji Dnia U\u015bmiechu uczniowie wzi\u0119li udzia\u0142 w pe\u0142nej atrakcji wycieczce do Zatorlandu. Odwiedzili Park Mitologii, gdzie p\u0142yn\u0119li \u0142\u00f3dkami mi\u0119dzy postaciami greckich bog\u00f3w, oraz Park Dinozaur\u00f3w,          w kt\u00f3rym podziwiali ruchome prehistoryczne stworzenia.<\/p>\n\n\n\n<p>Nie zabrak\u0142o te\u017c rado\u015bci w Lunaparku \u2013 karuzele, trampoliny i kino 5D wywo\u0142a\u0142y mn\u00f3stwo \u015bmiechu!<\/p>\n\n\n\n<figure class=\"wp-block-gallery has-nested-images columns-default is-cropped wp-block-gallery-3 is-layout-flex wp-block-gallery-is-layout-flex\">\n<figure class=\"wp-block-image size-large\"><img loading=\"lazy\" decoding=\"async\" width=\"1024\" height=\"1024\" data-id=\"4696\" src=\"https:\/\/soswmyslenice.edu.pl\/new\/wp-content\/uploads\/2025\/12\/558310374_1219412586879968_7519402622664150548_n-1024x1024.jpg\" alt=\"\" class=\"wp-image-4696\" srcset=\"https:\/\/soswmyslenice.edu.pl\/new\/wp-content\/uploads\/2025\/12\/558310374_1219412586879968_7519402622664150548_n-1024x1024.jpg 1024w, https:\/\/soswmyslenice.edu.pl\/new\/wp-content\/uploads\/2025\/12\/558310374_1219412586879968_7519402622664150548_n-300x300.jpg 300w, https:\/\/soswmyslenice.edu.pl\/new\/wp-content\/uploads\/2025\/12\/558310374_1219412586879968_7519402622664150548_n-150x150.jpg 150w, https:\/\/soswmyslenice.edu.pl\/new\/wp-content\/uploads\/2025\/12\/558310374_1219412586879968_7519402622664150548_n-768x768.jpg 768w, https:\/\/soswmyslenice.edu.pl\/new\/wp-content\/uploads\/2025\/12\/558310374_1219412586879968_7519402622664150548_n-1536x1536.jpg 1536w, https:\/\/soswmyslenice.edu.pl\/new\/wp-content\/uploads\/2025\/12\/558310374_1219412586879968_7519402622664150548_n.jpg 2048w\" sizes=\"auto, (max-width: 1024px) 100vw, 1024px\" \/><\/figure>\n\n\n\n<figure class=\"wp-block-image size-large\"><img loading=\"lazy\" decoding=\"async\" width=\"590\" height=\"590\" data-id=\"4697\" src=\"https:\/\/soswmyslenice.edu.pl\/new\/wp-content\/uploads\/2025\/12\/558495351_1219412433546650_1560265489271160328_n.jpg\" alt=\"\" class=\"wp-image-4697\" srcset=\"https:\/\/soswmyslenice.edu.pl\/new\/wp-content\/uploads\/2025\/12\/558495351_1219412433546650_1560265489271160328_n.jpg 590w, https:\/\/soswmyslenice.edu.pl\/new\/wp-content\/uploads\/2025\/12\/558495351_1219412433546650_1560265489271160328_n-300x300.jpg 300w, https:\/\/soswmyslenice.edu.pl\/new\/wp-content\/uploads\/2025\/12\/558495351_1219412433546650_1560265489271160328_n-150x150.jpg 150w\" sizes=\"auto, (max-width: 590px) 100vw, 590px\" \/><\/figure>\n<\/figure>\n\n\n\n<p><\/p>\n\n\n\n<p><\/p>\n\n\n\n<figure class=\"wp-block-pullquote has-medium-font-size\"><blockquote><p><strong>Tydzie\u0144 Przeciwdzia\u0142ania Przemocy R\u00f3wie\u015bniczej<\/strong><\/p><\/blockquote><\/figure>\n\n\n\n<p>Za nami wyj\u0105tkowy tydzie\u0144 pe\u0142en refleksji, emocji i dobrej energii!<\/p>\n\n\n\n<p>Podczas \u201eTygodnia Przeciwdzia\u0142ania Przemocy R\u00f3wie\u015bniczej\u201d &nbsp;od &nbsp;29 wrze\u015bnia \u2013 3 pa\u017adziernika 2025 r. uczniowie naszego O\u015brodka uczestniczyli w wielu ciekawych zaj\u0119ciach, warsztatach i akcjach profilaktycznych. <\/p>\n\n\n\n<p>Rozmawiali\u015bmy o empatii, przyja\u017ani, bezpiecze\u0144stwie w sieci sposobach radzenia sobie ze z\u0142o\u015bci\u0105.<\/p>\n\n\n\n<figure class=\"wp-block-gallery has-nested-images columns-default is-cropped wp-block-gallery-4 is-layout-flex wp-block-gallery-is-layout-flex\">\n<figure class=\"wp-block-image size-large\"><img loading=\"lazy\" decoding=\"async\" width=\"1024\" height=\"819\" data-id=\"4698\" src=\"https:\/\/soswmyslenice.edu.pl\/new\/wp-content\/uploads\/2025\/12\/559698132_1220376253450268_1530059263545782025_n-1024x819.jpg\" alt=\"\" class=\"wp-image-4698\" srcset=\"https:\/\/soswmyslenice.edu.pl\/new\/wp-content\/uploads\/2025\/12\/559698132_1220376253450268_1530059263545782025_n-1024x819.jpg 1024w, https:\/\/soswmyslenice.edu.pl\/new\/wp-content\/uploads\/2025\/12\/559698132_1220376253450268_1530059263545782025_n-300x240.jpg 300w, https:\/\/soswmyslenice.edu.pl\/new\/wp-content\/uploads\/2025\/12\/559698132_1220376253450268_1530059263545782025_n-768x614.jpg 768w, https:\/\/soswmyslenice.edu.pl\/new\/wp-content\/uploads\/2025\/12\/559698132_1220376253450268_1530059263545782025_n-1536x1229.jpg 1536w, https:\/\/soswmyslenice.edu.pl\/new\/wp-content\/uploads\/2025\/12\/559698132_1220376253450268_1530059263545782025_n.jpg 2000w\" sizes=\"auto, (max-width: 1024px) 100vw, 1024px\" \/><\/figure>\n\n\n\n<figure class=\"wp-block-image size-large\"><img loading=\"lazy\" decoding=\"async\" width=\"1024\" height=\"819\" data-id=\"4704\" src=\"https:\/\/soswmyslenice.edu.pl\/new\/wp-content\/uploads\/2025\/12\/561903549_1220376156783611_1904641431459334704_n-1024x819.jpg\" alt=\"\" class=\"wp-image-4704\" srcset=\"https:\/\/soswmyslenice.edu.pl\/new\/wp-content\/uploads\/2025\/12\/561903549_1220376156783611_1904641431459334704_n-1024x819.jpg 1024w, https:\/\/soswmyslenice.edu.pl\/new\/wp-content\/uploads\/2025\/12\/561903549_1220376156783611_1904641431459334704_n-300x240.jpg 300w, https:\/\/soswmyslenice.edu.pl\/new\/wp-content\/uploads\/2025\/12\/561903549_1220376156783611_1904641431459334704_n-768x614.jpg 768w, https:\/\/soswmyslenice.edu.pl\/new\/wp-content\/uploads\/2025\/12\/561903549_1220376156783611_1904641431459334704_n-1536x1229.jpg 1536w, https:\/\/soswmyslenice.edu.pl\/new\/wp-content\/uploads\/2025\/12\/561903549_1220376156783611_1904641431459334704_n.jpg 2000w\" sizes=\"auto, (max-width: 1024px) 100vw, 1024px\" \/><\/figure>\n\n\n\n<figure class=\"wp-block-image size-large\"><img loading=\"lazy\" decoding=\"async\" width=\"1024\" height=\"819\" data-id=\"4699\" src=\"https:\/\/soswmyslenice.edu.pl\/new\/wp-content\/uploads\/2025\/12\/559861565_1220376933450200_4026318677640975477_n-1024x819.jpg\" alt=\"\" class=\"wp-image-4699\" srcset=\"https:\/\/soswmyslenice.edu.pl\/new\/wp-content\/uploads\/2025\/12\/559861565_1220376933450200_4026318677640975477_n-1024x819.jpg 1024w, https:\/\/soswmyslenice.edu.pl\/new\/wp-content\/uploads\/2025\/12\/559861565_1220376933450200_4026318677640975477_n-300x240.jpg 300w, https:\/\/soswmyslenice.edu.pl\/new\/wp-content\/uploads\/2025\/12\/559861565_1220376933450200_4026318677640975477_n-768x614.jpg 768w, https:\/\/soswmyslenice.edu.pl\/new\/wp-content\/uploads\/2025\/12\/559861565_1220376933450200_4026318677640975477_n-1536x1229.jpg 1536w, https:\/\/soswmyslenice.edu.pl\/new\/wp-content\/uploads\/2025\/12\/559861565_1220376933450200_4026318677640975477_n.jpg 2000w\" sizes=\"auto, (max-width: 1024px) 100vw, 1024px\" \/><\/figure>\n<\/figure>\n\n\n\n<p><\/p>\n\n\n\n<figure class=\"wp-block-pullquote has-text-align-center has-medium-font-size\"><blockquote><p><strong>Europejski Dzie\u0144 Sportu Szkolnego                                                                i tenisowe sukcesy naszych uczni\u00f3w!<\/strong><\/p><\/blockquote><\/figure>\n\n\n\n<p>3 pa\u017adziernika 2025 roku w naszym O\u015brodku obchodzili\u015bmy Europejski Dzie\u0144 Sportu Szkolnego. Z tej okazji odby\u0142y si\u0119 zawody sportowo-zr\u0119czno\u015bciowe, w kt\u00f3rych udzia\u0142 wzi\u0119li wszyscy uczniowie. Ka\u017cda klasa mia\u0142a sw\u00f3j kolor, wspiera\u0142a si\u0119 nawzajem i rywalizowa\u0142a w duchu fair play. By\u0142o mn\u00f3stwo ruchu, emocji i u\u015bmiechu!<\/p>\n\n\n\n<p>Wydarzenie to wpisa\u0142o si\u0119 w Tydzie\u0144 Przeciwdzia\u0142ania Przemocy R\u00f3wie\u015bniczej, podkre\u015blaj\u0105c znaczenie szacunku, wsp\u00f3\u0142pracy i wzajemnego wsparcia \u2013 warto\u015bci, kt\u00f3re sport pi\u0119knie \u0142\u0105czy i rozwija.<\/p>\n\n\n\n<figure class=\"wp-block-gallery has-nested-images columns-default is-cropped wp-block-gallery-5 is-layout-flex wp-block-gallery-is-layout-flex\">\n<figure class=\"wp-block-image size-large\"><img loading=\"lazy\" decoding=\"async\" width=\"1024\" height=\"1024\" data-id=\"4709\" src=\"https:\/\/soswmyslenice.edu.pl\/new\/wp-content\/uploads\/2025\/12\/565833029_1225866412901252_8560631030939648316_n-1024x1024.jpg\" alt=\"\" class=\"wp-image-4709\" srcset=\"https:\/\/soswmyslenice.edu.pl\/new\/wp-content\/uploads\/2025\/12\/565833029_1225866412901252_8560631030939648316_n-1024x1024.jpg 1024w, https:\/\/soswmyslenice.edu.pl\/new\/wp-content\/uploads\/2025\/12\/565833029_1225866412901252_8560631030939648316_n-300x300.jpg 300w, https:\/\/soswmyslenice.edu.pl\/new\/wp-content\/uploads\/2025\/12\/565833029_1225866412901252_8560631030939648316_n-150x150.jpg 150w, https:\/\/soswmyslenice.edu.pl\/new\/wp-content\/uploads\/2025\/12\/565833029_1225866412901252_8560631030939648316_n-768x768.jpg 768w, https:\/\/soswmyslenice.edu.pl\/new\/wp-content\/uploads\/2025\/12\/565833029_1225866412901252_8560631030939648316_n-1536x1536.jpg 1536w, https:\/\/soswmyslenice.edu.pl\/new\/wp-content\/uploads\/2025\/12\/565833029_1225866412901252_8560631030939648316_n.jpg 2048w\" sizes=\"auto, (max-width: 1024px) 100vw, 1024px\" \/><\/figure>\n\n\n\n<figure class=\"wp-block-image size-large\"><img loading=\"lazy\" decoding=\"async\" width=\"1024\" height=\"1024\" data-id=\"4707\" src=\"https:\/\/soswmyslenice.edu.pl\/new\/wp-content\/uploads\/2025\/12\/562578876_1225861719568388_3643628511098619027_n-1024x1024.jpg\" alt=\"\" class=\"wp-image-4707\" srcset=\"https:\/\/soswmyslenice.edu.pl\/new\/wp-content\/uploads\/2025\/12\/562578876_1225861719568388_3643628511098619027_n-1024x1024.jpg 1024w, https:\/\/soswmyslenice.edu.pl\/new\/wp-content\/uploads\/2025\/12\/562578876_1225861719568388_3643628511098619027_n-300x300.jpg 300w, https:\/\/soswmyslenice.edu.pl\/new\/wp-content\/uploads\/2025\/12\/562578876_1225861719568388_3643628511098619027_n-150x150.jpg 150w, https:\/\/soswmyslenice.edu.pl\/new\/wp-content\/uploads\/2025\/12\/562578876_1225861719568388_3643628511098619027_n-768x768.jpg 768w, https:\/\/soswmyslenice.edu.pl\/new\/wp-content\/uploads\/2025\/12\/562578876_1225861719568388_3643628511098619027_n-1536x1536.jpg 1536w, https:\/\/soswmyslenice.edu.pl\/new\/wp-content\/uploads\/2025\/12\/562578876_1225861719568388_3643628511098619027_n.jpg 2048w\" sizes=\"auto, (max-width: 1024px) 100vw, 1024px\" \/><\/figure>\n\n\n\n<figure class=\"wp-block-image size-large\"><img loading=\"lazy\" decoding=\"async\" width=\"1024\" height=\"1024\" data-id=\"4706\" src=\"https:\/\/soswmyslenice.edu.pl\/new\/wp-content\/uploads\/2025\/12\/562538478_1225861876235039_2310764051438995725_n-1024x1024.jpg\" alt=\"\" class=\"wp-image-4706\" srcset=\"https:\/\/soswmyslenice.edu.pl\/new\/wp-content\/uploads\/2025\/12\/562538478_1225861876235039_2310764051438995725_n-1024x1024.jpg 1024w, https:\/\/soswmyslenice.edu.pl\/new\/wp-content\/uploads\/2025\/12\/562538478_1225861876235039_2310764051438995725_n-300x300.jpg 300w, https:\/\/soswmyslenice.edu.pl\/new\/wp-content\/uploads\/2025\/12\/562538478_1225861876235039_2310764051438995725_n-150x150.jpg 150w, https:\/\/soswmyslenice.edu.pl\/new\/wp-content\/uploads\/2025\/12\/562538478_1225861876235039_2310764051438995725_n-768x768.jpg 768w, https:\/\/soswmyslenice.edu.pl\/new\/wp-content\/uploads\/2025\/12\/562538478_1225861876235039_2310764051438995725_n-1536x1536.jpg 1536w, https:\/\/soswmyslenice.edu.pl\/new\/wp-content\/uploads\/2025\/12\/562538478_1225861876235039_2310764051438995725_n.jpg 2048w\" sizes=\"auto, (max-width: 1024px) 100vw, 1024px\" \/><\/figure>\n<\/figure>\n\n\n\n<figure class=\"wp-block-pullquote has-medium-font-size\"><blockquote><p><strong>\u015awiatowy Dzie\u0144 Zdrowia Psychicznego<\/strong><\/p><\/blockquote><\/figure>\n\n\n\n<p>Z okazji \u015awiatowego Dnia Zdrowia Psychicznego nasi szkolni psychologowie i pedagog zorganizowali wyj\u0105tkowe warsztaty dla wszystkich uczni\u00f3w szk\u00f3\u0142 dzia\u0142aj\u0105cych w naszym O\u015brodku<\/p>\n\n\n\n<p>Podczas zaj\u0119\u0107 rozmawiali\u015bmy o emocjach \u2014 tych przyjemnych i tych trudniejszych. Uczyli\u015bmy si\u0119, jak je rozpoznawa\u0107 i jak sobie z nimi radzi\u0107. Uczniowie dowiedzieli si\u0119 r\u00f3wnie\u017c, gdzie mo\u017cna szuka\u0107 pomocy           w sytuacjach kryzysu emocjonalnego.<\/p>\n\n\n\n<figure class=\"wp-block-gallery has-nested-images columns-default is-cropped wp-block-gallery-6 is-layout-flex wp-block-gallery-is-layout-flex\">\n<figure class=\"wp-block-image size-large\"><img loading=\"lazy\" decoding=\"async\" width=\"1024\" height=\"819\" data-id=\"4710\" src=\"https:\/\/soswmyslenice.edu.pl\/new\/wp-content\/uploads\/2025\/12\/567735319_1232266405594586_7091196691017220796_n-1024x819.jpg\" alt=\"\" class=\"wp-image-4710\" srcset=\"https:\/\/soswmyslenice.edu.pl\/new\/wp-content\/uploads\/2025\/12\/567735319_1232266405594586_7091196691017220796_n-1024x819.jpg 1024w, https:\/\/soswmyslenice.edu.pl\/new\/wp-content\/uploads\/2025\/12\/567735319_1232266405594586_7091196691017220796_n-300x240.jpg 300w, https:\/\/soswmyslenice.edu.pl\/new\/wp-content\/uploads\/2025\/12\/567735319_1232266405594586_7091196691017220796_n-768x614.jpg 768w, https:\/\/soswmyslenice.edu.pl\/new\/wp-content\/uploads\/2025\/12\/567735319_1232266405594586_7091196691017220796_n-1536x1229.jpg 1536w, https:\/\/soswmyslenice.edu.pl\/new\/wp-content\/uploads\/2025\/12\/567735319_1232266405594586_7091196691017220796_n.jpg 2000w\" sizes=\"auto, (max-width: 1024px) 100vw, 1024px\" \/><\/figure>\n\n\n\n<figure class=\"wp-block-image size-large\"><img loading=\"lazy\" decoding=\"async\" width=\"1024\" height=\"819\" data-id=\"4717\" src=\"https:\/\/soswmyslenice.edu.pl\/new\/wp-content\/uploads\/2025\/12\/571079744_1232262815594945_5293604477258129603_n-1024x819.jpg\" alt=\"\" class=\"wp-image-4717\" srcset=\"https:\/\/soswmyslenice.edu.pl\/new\/wp-content\/uploads\/2025\/12\/571079744_1232262815594945_5293604477258129603_n-1024x819.jpg 1024w, https:\/\/soswmyslenice.edu.pl\/new\/wp-content\/uploads\/2025\/12\/571079744_1232262815594945_5293604477258129603_n-300x240.jpg 300w, https:\/\/soswmyslenice.edu.pl\/new\/wp-content\/uploads\/2025\/12\/571079744_1232262815594945_5293604477258129603_n-768x614.jpg 768w, https:\/\/soswmyslenice.edu.pl\/new\/wp-content\/uploads\/2025\/12\/571079744_1232262815594945_5293604477258129603_n-1536x1229.jpg 1536w, https:\/\/soswmyslenice.edu.pl\/new\/wp-content\/uploads\/2025\/12\/571079744_1232262815594945_5293604477258129603_n.jpg 2000w\" sizes=\"auto, (max-width: 1024px) 100vw, 1024px\" \/><\/figure>\n\n\n\n<figure class=\"wp-block-image size-large\"><img loading=\"lazy\" decoding=\"async\" width=\"1024\" height=\"819\" data-id=\"4714\" src=\"https:\/\/soswmyslenice.edu.pl\/new\/wp-content\/uploads\/2025\/12\/569922403_1232262918928268_4634051618674797184_n-1024x819.jpg\" alt=\"\" class=\"wp-image-4714\" srcset=\"https:\/\/soswmyslenice.edu.pl\/new\/wp-content\/uploads\/2025\/12\/569922403_1232262918928268_4634051618674797184_n-1024x819.jpg 1024w, https:\/\/soswmyslenice.edu.pl\/new\/wp-content\/uploads\/2025\/12\/569922403_1232262918928268_4634051618674797184_n-300x240.jpg 300w, https:\/\/soswmyslenice.edu.pl\/new\/wp-content\/uploads\/2025\/12\/569922403_1232262918928268_4634051618674797184_n-768x614.jpg 768w, https:\/\/soswmyslenice.edu.pl\/new\/wp-content\/uploads\/2025\/12\/569922403_1232262918928268_4634051618674797184_n-1536x1229.jpg 1536w, https:\/\/soswmyslenice.edu.pl\/new\/wp-content\/uploads\/2025\/12\/569922403_1232262918928268_4634051618674797184_n.jpg 2000w\" sizes=\"auto, (max-width: 1024px) 100vw, 1024px\" \/><\/figure>\n<\/figure>\n\n\n\n<figure class=\"wp-block-pullquote has-medium-font-size\"><blockquote><p><strong>Dzie\u0144 Komisji Edukacji Narodowej<\/strong><\/p><\/blockquote><\/figure>\n\n\n\n<p><\/p>\n\n\n\n<p>W naszym O\u015brodku odby\u0142a si\u0119 uroczysto\u015b\u0107 z okazji Dnia Komisji Edukacji Narodowej. To wa\u017cne \u015bwi\u0119to,         w kt\u00f3rym z wdzi\u0119czno\u015bci\u0105 my\u015blimy o wszystkich nauczycielach i pracownikach o\u015bwiaty \u2013 za ich codzienny trud, oddanie i serce wk\u0142adane w prac\u0119 z dzie\u0107mi i m\u0142odzie\u017c\u0105.<\/p>\n\n\n\n<p>Podczas uroczysto\u015bci odby\u0142o si\u0119 pasowanie na ucznia. Nowi uczniowie oficjalnie do\u0142\u0105czyli do spo\u0142eczno\u015bci naszego O\u015brodka \u2013 gratulujemy i \u017cyczymy im wielu pi\u0119knych chwil, sukces\u00f3w oraz rado\u015bci ze wsp\u00f3lnej nauki!<\/p>\n\n\n\n<p>Uczniowie przygotowali wzruszaj\u0105cy wyst\u0119p artystyczny. W ich wykonaniu zabrzmia\u0142y wiersze i&nbsp; piosenki, kt\u00f3re doda\u0142y uroczysto\u015bci ciep\u0142a i pozytywnej energii.<\/p>\n\n\n\n<p>Podczas obchod\u00f3w wr\u0119czone zosta\u0142y r\u00f3wnie\u017c nagrody nauczycielom, kt\u00f3rzy w spos\u00f3b szczeg\u00f3lny wyr\u00f3\u017cnili si\u0119 swoj\u0105 prac\u0105 dydaktyczno-wychowawcz\u0105.<\/p>\n\n\n\n<figure class=\"wp-block-gallery has-nested-images columns-default is-cropped wp-block-gallery-7 is-layout-flex wp-block-gallery-is-layout-flex\">\n<figure class=\"wp-block-image size-large\"><img loading=\"lazy\" decoding=\"async\" width=\"1024\" height=\"578\" data-id=\"4703\" src=\"https:\/\/soswmyslenice.edu.pl\/new\/wp-content\/uploads\/2025\/12\/561816846_1223921713095722_8809660125814790331_n-1024x578.jpg\" alt=\"\" class=\"wp-image-4703\" srcset=\"https:\/\/soswmyslenice.edu.pl\/new\/wp-content\/uploads\/2025\/12\/561816846_1223921713095722_8809660125814790331_n-1024x578.jpg 1024w, https:\/\/soswmyslenice.edu.pl\/new\/wp-content\/uploads\/2025\/12\/561816846_1223921713095722_8809660125814790331_n-300x169.jpg 300w, https:\/\/soswmyslenice.edu.pl\/new\/wp-content\/uploads\/2025\/12\/561816846_1223921713095722_8809660125814790331_n-768x433.jpg 768w, https:\/\/soswmyslenice.edu.pl\/new\/wp-content\/uploads\/2025\/12\/561816846_1223921713095722_8809660125814790331_n-1536x866.jpg 1536w, https:\/\/soswmyslenice.edu.pl\/new\/wp-content\/uploads\/2025\/12\/561816846_1223921713095722_8809660125814790331_n.jpg 1982w\" sizes=\"auto, (max-width: 1024px) 100vw, 1024px\" \/><\/figure>\n\n\n\n<figure class=\"wp-block-image size-large\"><img loading=\"lazy\" decoding=\"async\" width=\"1024\" height=\"768\" data-id=\"4700\" src=\"https:\/\/soswmyslenice.edu.pl\/new\/wp-content\/uploads\/2025\/12\/560439173_1223921816429045_836027743658753443_n-1024x768.jpg\" alt=\"\" class=\"wp-image-4700\" srcset=\"https:\/\/soswmyslenice.edu.pl\/new\/wp-content\/uploads\/2025\/12\/560439173_1223921816429045_836027743658753443_n-1024x768.jpg 1024w, https:\/\/soswmyslenice.edu.pl\/new\/wp-content\/uploads\/2025\/12\/560439173_1223921816429045_836027743658753443_n-300x225.jpg 300w, https:\/\/soswmyslenice.edu.pl\/new\/wp-content\/uploads\/2025\/12\/560439173_1223921816429045_836027743658753443_n-768x576.jpg 768w, https:\/\/soswmyslenice.edu.pl\/new\/wp-content\/uploads\/2025\/12\/560439173_1223921816429045_836027743658753443_n-1536x1152.jpg 1536w, https:\/\/soswmyslenice.edu.pl\/new\/wp-content\/uploads\/2025\/12\/560439173_1223921816429045_836027743658753443_n.jpg 2048w\" sizes=\"auto, (max-width: 1024px) 100vw, 1024px\" \/><\/figure>\n\n\n\n<figure class=\"wp-block-image size-large\"><img loading=\"lazy\" decoding=\"async\" width=\"1024\" height=\"1024\" data-id=\"4701\" src=\"https:\/\/soswmyslenice.edu.pl\/new\/wp-content\/uploads\/2025\/12\/560743335_1223921993095694_2455058375498887589_n-1024x1024.jpg\" alt=\"\" class=\"wp-image-4701\" srcset=\"https:\/\/soswmyslenice.edu.pl\/new\/wp-content\/uploads\/2025\/12\/560743335_1223921993095694_2455058375498887589_n-1024x1024.jpg 1024w, https:\/\/soswmyslenice.edu.pl\/new\/wp-content\/uploads\/2025\/12\/560743335_1223921993095694_2455058375498887589_n-300x300.jpg 300w, https:\/\/soswmyslenice.edu.pl\/new\/wp-content\/uploads\/2025\/12\/560743335_1223921993095694_2455058375498887589_n-150x150.jpg 150w, https:\/\/soswmyslenice.edu.pl\/new\/wp-content\/uploads\/2025\/12\/560743335_1223921993095694_2455058375498887589_n-768x768.jpg 768w, https:\/\/soswmyslenice.edu.pl\/new\/wp-content\/uploads\/2025\/12\/560743335_1223921993095694_2455058375498887589_n-1536x1536.jpg 1536w, https:\/\/soswmyslenice.edu.pl\/new\/wp-content\/uploads\/2025\/12\/560743335_1223921993095694_2455058375498887589_n.jpg 2048w\" sizes=\"auto, (max-width: 1024px) 100vw, 1024px\" \/><\/figure>\n<\/figure>\n\n\n\n<figure class=\"wp-block-pullquote has-medium-font-size\"><blockquote><p><strong>Harcerze z dru\u017cyny Nieprzetartego Szlaku                                                 <\/strong><strong> na niezwyk\u0142ej przygodzie w Pucku<\/strong><\/p><\/blockquote><\/figure>\n\n\n\n<p>W dniach 13\u201317 pa\u017adziernika 2025 r. wychowankowie internatu \u2013 harcerze z dru\u017cyny Tropiciele My\u015blenice \u2013 uczestniczyli w wyj\u0105tkowej wycieczce do Pucka w ramach projektu \u201eWidnokr\u0105g\u201d.<\/p>\n\n\n\n<p>Wyjazd do Pucka by\u0142 nie tylko okazj\u0105 do zabawy i integracji, ale te\u017c do zdobywania nowych do\u015bwiadcze\u0144, prze\u0142amywania barier i odkrywania pi\u0119kna wsp\u00f3lnego dzia\u0142ania.<\/p>\n\n\n\n<figure class=\"wp-block-gallery has-nested-images columns-default is-cropped wp-block-gallery-8 is-layout-flex wp-block-gallery-is-layout-flex\">\n<figure class=\"wp-block-image size-large\"><img loading=\"lazy\" decoding=\"async\" width=\"1024\" height=\"1024\" data-id=\"4711\" src=\"https:\/\/soswmyslenice.edu.pl\/new\/wp-content\/uploads\/2025\/12\/568356568_1231327229021837_1215273741683745010_n-1024x1024.jpg\" alt=\"\" class=\"wp-image-4711\" srcset=\"https:\/\/soswmyslenice.edu.pl\/new\/wp-content\/uploads\/2025\/12\/568356568_1231327229021837_1215273741683745010_n-1024x1024.jpg 1024w, https:\/\/soswmyslenice.edu.pl\/new\/wp-content\/uploads\/2025\/12\/568356568_1231327229021837_1215273741683745010_n-300x300.jpg 300w, https:\/\/soswmyslenice.edu.pl\/new\/wp-content\/uploads\/2025\/12\/568356568_1231327229021837_1215273741683745010_n-150x150.jpg 150w, https:\/\/soswmyslenice.edu.pl\/new\/wp-content\/uploads\/2025\/12\/568356568_1231327229021837_1215273741683745010_n-768x768.jpg 768w, https:\/\/soswmyslenice.edu.pl\/new\/wp-content\/uploads\/2025\/12\/568356568_1231327229021837_1215273741683745010_n-1536x1536.jpg 1536w, https:\/\/soswmyslenice.edu.pl\/new\/wp-content\/uploads\/2025\/12\/568356568_1231327229021837_1215273741683745010_n.jpg 2048w\" sizes=\"auto, (max-width: 1024px) 100vw, 1024px\" \/><\/figure>\n\n\n\n<figure class=\"wp-block-image size-large\"><img loading=\"lazy\" decoding=\"async\" width=\"1024\" height=\"1024\" data-id=\"4712\" src=\"https:\/\/soswmyslenice.edu.pl\/new\/wp-content\/uploads\/2025\/12\/569289686_1231327852355108_6164022350246716151_n-1024x1024.jpg\" alt=\"\" class=\"wp-image-4712\" srcset=\"https:\/\/soswmyslenice.edu.pl\/new\/wp-content\/uploads\/2025\/12\/569289686_1231327852355108_6164022350246716151_n-1024x1024.jpg 1024w, https:\/\/soswmyslenice.edu.pl\/new\/wp-content\/uploads\/2025\/12\/569289686_1231327852355108_6164022350246716151_n-300x300.jpg 300w, https:\/\/soswmyslenice.edu.pl\/new\/wp-content\/uploads\/2025\/12\/569289686_1231327852355108_6164022350246716151_n-150x150.jpg 150w, https:\/\/soswmyslenice.edu.pl\/new\/wp-content\/uploads\/2025\/12\/569289686_1231327852355108_6164022350246716151_n-768x768.jpg 768w, https:\/\/soswmyslenice.edu.pl\/new\/wp-content\/uploads\/2025\/12\/569289686_1231327852355108_6164022350246716151_n-1536x1536.jpg 1536w, https:\/\/soswmyslenice.edu.pl\/new\/wp-content\/uploads\/2025\/12\/569289686_1231327852355108_6164022350246716151_n.jpg 2048w\" sizes=\"auto, (max-width: 1024px) 100vw, 1024px\" \/><\/figure>\n\n\n\n<figure class=\"wp-block-image size-large\"><img loading=\"lazy\" decoding=\"async\" width=\"1024\" height=\"1024\" data-id=\"4715\" src=\"https:\/\/soswmyslenice.edu.pl\/new\/wp-content\/uploads\/2025\/12\/570501439_1231327289021831_3613180201563520352_n-1024x1024.jpg\" alt=\"\" class=\"wp-image-4715\" srcset=\"https:\/\/soswmyslenice.edu.pl\/new\/wp-content\/uploads\/2025\/12\/570501439_1231327289021831_3613180201563520352_n-1024x1024.jpg 1024w, https:\/\/soswmyslenice.edu.pl\/new\/wp-content\/uploads\/2025\/12\/570501439_1231327289021831_3613180201563520352_n-300x300.jpg 300w, https:\/\/soswmyslenice.edu.pl\/new\/wp-content\/uploads\/2025\/12\/570501439_1231327289021831_3613180201563520352_n-150x150.jpg 150w, https:\/\/soswmyslenice.edu.pl\/new\/wp-content\/uploads\/2025\/12\/570501439_1231327289021831_3613180201563520352_n-768x768.jpg 768w, https:\/\/soswmyslenice.edu.pl\/new\/wp-content\/uploads\/2025\/12\/570501439_1231327289021831_3613180201563520352_n-1536x1536.jpg 1536w, https:\/\/soswmyslenice.edu.pl\/new\/wp-content\/uploads\/2025\/12\/570501439_1231327289021831_3613180201563520352_n.jpg 2048w\" sizes=\"auto, (max-width: 1024px) 100vw, 1024px\" \/><\/figure>\n\n\n\n<figure class=\"wp-block-image size-large\"><img loading=\"lazy\" decoding=\"async\" width=\"960\" height=\"960\" data-id=\"4716\" src=\"https:\/\/soswmyslenice.edu.pl\/new\/wp-content\/uploads\/2025\/12\/571019622_1231327059021854_3409461568493260872_n.jpg\" alt=\"\" class=\"wp-image-4716\" srcset=\"https:\/\/soswmyslenice.edu.pl\/new\/wp-content\/uploads\/2025\/12\/571019622_1231327059021854_3409461568493260872_n.jpg 960w, https:\/\/soswmyslenice.edu.pl\/new\/wp-content\/uploads\/2025\/12\/571019622_1231327059021854_3409461568493260872_n-300x300.jpg 300w, https:\/\/soswmyslenice.edu.pl\/new\/wp-content\/uploads\/2025\/12\/571019622_1231327059021854_3409461568493260872_n-150x150.jpg 150w, https:\/\/soswmyslenice.edu.pl\/new\/wp-content\/uploads\/2025\/12\/571019622_1231327059021854_3409461568493260872_n-768x768.jpg 768w\" sizes=\"auto, (max-width: 960px) 100vw, 960px\" \/><\/figure>\n<\/figure>\n\n\n\n<figure class=\"wp-block-pullquote has-medium-font-size\"><blockquote><p><strong>Wspomnienie z V My\u015blenickich Seniorali\u00f3w<\/strong><\/p><\/blockquote><\/figure>\n\n\n\n<p>10 pa\u017adziernika uczestniczyli\u015bmy w wyj\u0105tkowym wydarzeniu pe\u0142nym rado\u015bci, energii i pozytywnego nastawienia.&nbsp; Nasi uczniowie wyst\u0105pili z programem artystycznym, \u015bpiewaj\u0105c piosenki o serdeczno\u015bci, \u017cyczliwo\u015bci i patrzeniu na \u015bwiat przez r\u00f3\u017cowe okulary.<\/p>\n\n\n\n<p>Dzi\u0119kujemy organizatorom za zaproszenie i wspania\u0142\u0105 atmosfer\u0119, kt\u00f3ra udzieli\u0142a si\u0119 wszystkim uczestnikom!<\/p>\n\n\n\n<figure class=\"wp-block-gallery has-nested-images columns-default is-cropped wp-block-gallery-9 is-layout-flex wp-block-gallery-is-layout-flex\">\n<figure class=\"wp-block-image size-large\"><img loading=\"lazy\" decoding=\"async\" width=\"576\" height=\"1024\" data-id=\"4713\" src=\"https:\/\/soswmyslenice.edu.pl\/new\/wp-content\/uploads\/2025\/12\/569767161_1235983515222875_1979648824080254566_n-576x1024.jpg\" alt=\"\" class=\"wp-image-4713\" srcset=\"https:\/\/soswmyslenice.edu.pl\/new\/wp-content\/uploads\/2025\/12\/569767161_1235983515222875_1979648824080254566_n-576x1024.jpg 576w, https:\/\/soswmyslenice.edu.pl\/new\/wp-content\/uploads\/2025\/12\/569767161_1235983515222875_1979648824080254566_n-169x300.jpg 169w, https:\/\/soswmyslenice.edu.pl\/new\/wp-content\/uploads\/2025\/12\/569767161_1235983515222875_1979648824080254566_n-768x1365.jpg 768w, https:\/\/soswmyslenice.edu.pl\/new\/wp-content\/uploads\/2025\/12\/569767161_1235983515222875_1979648824080254566_n-864x1536.jpg 864w, https:\/\/soswmyslenice.edu.pl\/new\/wp-content\/uploads\/2025\/12\/569767161_1235983515222875_1979648824080254566_n.jpg 1152w\" sizes=\"auto, (max-width: 576px) 100vw, 576px\" \/><\/figure>\n\n\n\n<figure class=\"wp-block-image size-large\"><img loading=\"lazy\" decoding=\"async\" width=\"576\" height=\"1024\" data-id=\"4718\" src=\"https:\/\/soswmyslenice.edu.pl\/new\/wp-content\/uploads\/2025\/12\/571191849_1235983611889532_1578836616760259686_n-576x1024.jpg\" alt=\"\" class=\"wp-image-4718\" srcset=\"https:\/\/soswmyslenice.edu.pl\/new\/wp-content\/uploads\/2025\/12\/571191849_1235983611889532_1578836616760259686_n-576x1024.jpg 576w, https:\/\/soswmyslenice.edu.pl\/new\/wp-content\/uploads\/2025\/12\/571191849_1235983611889532_1578836616760259686_n-169x300.jpg 169w, https:\/\/soswmyslenice.edu.pl\/new\/wp-content\/uploads\/2025\/12\/571191849_1235983611889532_1578836616760259686_n-768x1365.jpg 768w, https:\/\/soswmyslenice.edu.pl\/new\/wp-content\/uploads\/2025\/12\/571191849_1235983611889532_1578836616760259686_n-864x1536.jpg 864w, https:\/\/soswmyslenice.edu.pl\/new\/wp-content\/uploads\/2025\/12\/571191849_1235983611889532_1578836616760259686_n.jpg 1152w\" sizes=\"auto, (max-width: 576px) 100vw, 576px\" \/><\/figure>\n<\/figure>\n\n\n\n<figure class=\"wp-block-pullquote has-medium-font-size\"><blockquote><p>XXXII Tydzie\u0144 Kultury Chrze\u015bcija\u0144skiej<\/p><\/blockquote><\/figure>\n\n\n\n<p>15 pa\u017adziernika w naszej szkole odby\u0142o si\u0119 wyj\u0105tkowe spotkanie w ramach XXXII Tygodnia Kultury Chrze\u015bcija\u0144skiej, po\u015bwi\u0119cone nowym \u015bwi\u0119tym \u2013 Carlo Acutisowi i Pierowi Giorgio Frassatiemu. <\/p>\n\n\n\n<p>W radosnej i pe\u0142nej ciep\u0142a atmosferze uczniowie, nauczyciele, dyrekcja oraz zaproszeni go\u015bcie wsp\u00f3lnie \u015bpiewali \u201eBark\u0119\u201d \u2013 ukochan\u0105 pie\u015b\u0144 \u015bw. Jana Paw\u0142a II, rozmawiali o warto\u015bciach, kt\u00f3re prowadzi\u0142y \u015bwi\u0119tych: mi\u0142o\u015bci, dobroci, wra\u017cliwo\u015bci na drugiego cz\u0142owieka i \u017cywej wierze. Nie zabrak\u0142o tak\u017ce s\u0142odkiego pocz\u0119stunku, pysznych kanapek i wyj\u0105tkowego akcentu \u2013 losowania karteczek z przes\u0142aniami zach\u0119caj\u0105cymi do okazywania \u017cyczliwo\u015bci. Uczniowie otrzymali kolorowe zeszyty, zak\u0142adki z wizerunkami \u015bwi\u0119tych oraz mn\u00f3stwo s\u0142odko\u015bci.<\/p>\n\n\n\n<figure class=\"wp-block-gallery has-nested-images columns-default is-cropped wp-block-gallery-10 is-layout-flex wp-block-gallery-is-layout-flex\">\n<figure class=\"wp-block-image size-large\"><img loading=\"lazy\" decoding=\"async\" width=\"1024\" height=\"1024\" data-id=\"4730\" src=\"https:\/\/soswmyslenice.edu.pl\/new\/wp-content\/uploads\/2025\/12\/572379651_1236953705125856_3342725638568303509_n-1024x1024.jpg\" alt=\"\" class=\"wp-image-4730\" srcset=\"https:\/\/soswmyslenice.edu.pl\/new\/wp-content\/uploads\/2025\/12\/572379651_1236953705125856_3342725638568303509_n-1024x1024.jpg 1024w, https:\/\/soswmyslenice.edu.pl\/new\/wp-content\/uploads\/2025\/12\/572379651_1236953705125856_3342725638568303509_n-300x300.jpg 300w, https:\/\/soswmyslenice.edu.pl\/new\/wp-content\/uploads\/2025\/12\/572379651_1236953705125856_3342725638568303509_n-150x150.jpg 150w, https:\/\/soswmyslenice.edu.pl\/new\/wp-content\/uploads\/2025\/12\/572379651_1236953705125856_3342725638568303509_n-768x768.jpg 768w, https:\/\/soswmyslenice.edu.pl\/new\/wp-content\/uploads\/2025\/12\/572379651_1236953705125856_3342725638568303509_n-1536x1536.jpg 1536w, https:\/\/soswmyslenice.edu.pl\/new\/wp-content\/uploads\/2025\/12\/572379651_1236953705125856_3342725638568303509_n.jpg 2048w\" sizes=\"auto, (max-width: 1024px) 100vw, 1024px\" \/><\/figure>\n\n\n\n<figure class=\"wp-block-image size-large\"><img loading=\"lazy\" decoding=\"async\" width=\"1024\" height=\"1024\" data-id=\"4731\" src=\"https:\/\/soswmyslenice.edu.pl\/new\/wp-content\/uploads\/2025\/12\/572484901_1236953805125846_2962230515337502371_n-1024x1024.jpg\" alt=\"\" class=\"wp-image-4731\" srcset=\"https:\/\/soswmyslenice.edu.pl\/new\/wp-content\/uploads\/2025\/12\/572484901_1236953805125846_2962230515337502371_n-1024x1024.jpg 1024w, https:\/\/soswmyslenice.edu.pl\/new\/wp-content\/uploads\/2025\/12\/572484901_1236953805125846_2962230515337502371_n-300x300.jpg 300w, https:\/\/soswmyslenice.edu.pl\/new\/wp-content\/uploads\/2025\/12\/572484901_1236953805125846_2962230515337502371_n-150x150.jpg 150w, https:\/\/soswmyslenice.edu.pl\/new\/wp-content\/uploads\/2025\/12\/572484901_1236953805125846_2962230515337502371_n-768x768.jpg 768w, https:\/\/soswmyslenice.edu.pl\/new\/wp-content\/uploads\/2025\/12\/572484901_1236953805125846_2962230515337502371_n-1536x1536.jpg 1536w, https:\/\/soswmyslenice.edu.pl\/new\/wp-content\/uploads\/2025\/12\/572484901_1236953805125846_2962230515337502371_n.jpg 2048w\" sizes=\"auto, (max-width: 1024px) 100vw, 1024px\" \/><\/figure>\n<\/figure>\n\n\n\n<figure class=\"wp-block-pullquote\"><blockquote><p>Jesienny Rajd na Such\u0105 Polan\u0119<\/p><\/blockquote><\/figure>\n\n\n\n<p>W ostatni\u0105 \u015brod\u0119 pa\u017adziernika harcerze z Nieprzetartego Szlaku wyruszyli na Jesienny Rajd na Such\u0105 Polan\u0119. Pogoda dopisa\u0142a \u2013 z\u0142ote li\u015bcie i s\u0142o\u0144ce towarzyszy\u0142y nam przez ca\u0142\u0105 w\u0119dr\u00f3wk\u0119.<\/p>\n\n\n\n<p>Po wsp\u00f3lnym apelu ruszyli\u015bmy w tras\u0119, odkrywaj\u0105c uroki jesiennego lasu i wykonuj\u0105c zadania ze sprawno\u015bci przyrodnika. Na mecie czeka\u0142o nas ognisko, \u015bpiew i radosne rozmowy.<\/p>\n\n\n\n<p>Rajd zako\u0144czy\u0142 si\u0119 w zadumie \u2013 odwiedzili\u015bmy Cmentarz Rakowicki, gdzie zapalili\u015bmy znicze na grobach zmar\u0142ych instruktor\u00f3w Nieprzetartego Szlaku, oddaj\u0105c im ho\u0142d i pami\u0119\u0107.<\/p>\n\n\n\n<figure class=\"wp-block-gallery has-nested-images columns-default is-cropped wp-block-gallery-11 is-layout-flex wp-block-gallery-is-layout-flex\">\n<figure class=\"wp-block-image size-large\"><img loading=\"lazy\" decoding=\"async\" width=\"682\" height=\"1024\" data-id=\"4735\" src=\"https:\/\/soswmyslenice.edu.pl\/new\/wp-content\/uploads\/2025\/12\/574038665_1239438728210687_3710439195164956152_n-682x1024.jpg\" alt=\"\" class=\"wp-image-4735\" srcset=\"https:\/\/soswmyslenice.edu.pl\/new\/wp-content\/uploads\/2025\/12\/574038665_1239438728210687_3710439195164956152_n-682x1024.jpg 682w, https:\/\/soswmyslenice.edu.pl\/new\/wp-content\/uploads\/2025\/12\/574038665_1239438728210687_3710439195164956152_n-200x300.jpg 200w, https:\/\/soswmyslenice.edu.pl\/new\/wp-content\/uploads\/2025\/12\/574038665_1239438728210687_3710439195164956152_n-768x1152.jpg 768w, https:\/\/soswmyslenice.edu.pl\/new\/wp-content\/uploads\/2025\/12\/574038665_1239438728210687_3710439195164956152_n-1024x1536.jpg 1024w, https:\/\/soswmyslenice.edu.pl\/new\/wp-content\/uploads\/2025\/12\/574038665_1239438728210687_3710439195164956152_n.jpg 1333w\" sizes=\"auto, (max-width: 682px) 100vw, 682px\" \/><\/figure>\n<\/figure>\n\n\n\n<figure class=\"wp-block-pullquote has-medium-font-size\"><blockquote><p>Wizyta w Wydawnictwie \u015bw. Stanis\u0142awa w Krakowie<\/p><\/blockquote><\/figure>\n\n\n\n<p>28 pa\u017adziernika uczniowie Szko\u0142y Przysposabiaj\u0105cej do Pracy odwiedzili Wydawnictwo \u015bw. Stanis\u0142awa BM         w Krakowie. Po serdecznym powitaniu przez Pani\u0105 Ew\u0119 Tomczyk i zesp\u00f3\u0142 Wydawnictwa uczniowie uczestniczyli w ciekawych zaj\u0119ciach praktycznych: projektowali ok\u0142adki, sk\u0142adali ksi\u0105\u017cki, dobierali papier, pakowali pami\u0105tki i przygotowywali materia\u0142y do czasopisma \u201eSta\u015b\u201d.<\/p>\n\n\n\n<figure class=\"wp-block-gallery has-nested-images columns-default is-cropped wp-block-gallery-12 is-layout-flex wp-block-gallery-is-layout-flex\">\n<figure class=\"wp-block-image size-large\"><img loading=\"lazy\" decoding=\"async\" width=\"576\" height=\"1024\" data-id=\"4741\" src=\"https:\/\/soswmyslenice.edu.pl\/new\/wp-content\/uploads\/2025\/12\/575683214_1242094531278440_2137082279461207789_n-576x1024.jpg\" alt=\"\" class=\"wp-image-4741\" srcset=\"https:\/\/soswmyslenice.edu.pl\/new\/wp-content\/uploads\/2025\/12\/575683214_1242094531278440_2137082279461207789_n-576x1024.jpg 576w, https:\/\/soswmyslenice.edu.pl\/new\/wp-content\/uploads\/2025\/12\/575683214_1242094531278440_2137082279461207789_n-169x300.jpg 169w, https:\/\/soswmyslenice.edu.pl\/new\/wp-content\/uploads\/2025\/12\/575683214_1242094531278440_2137082279461207789_n-768x1365.jpg 768w, https:\/\/soswmyslenice.edu.pl\/new\/wp-content\/uploads\/2025\/12\/575683214_1242094531278440_2137082279461207789_n-864x1536.jpg 864w, https:\/\/soswmyslenice.edu.pl\/new\/wp-content\/uploads\/2025\/12\/575683214_1242094531278440_2137082279461207789_n.jpg 1152w\" sizes=\"auto, (max-width: 576px) 100vw, 576px\" \/><\/figure>\n\n\n\n<figure class=\"wp-block-image size-large\"><img loading=\"lazy\" decoding=\"async\" width=\"576\" height=\"1024\" data-id=\"4737\" src=\"https:\/\/soswmyslenice.edu.pl\/new\/wp-content\/uploads\/2025\/12\/574498843_1242094454611781_4448058043287451236_n-576x1024.jpg\" alt=\"\" class=\"wp-image-4737\" srcset=\"https:\/\/soswmyslenice.edu.pl\/new\/wp-content\/uploads\/2025\/12\/574498843_1242094454611781_4448058043287451236_n-576x1024.jpg 576w, https:\/\/soswmyslenice.edu.pl\/new\/wp-content\/uploads\/2025\/12\/574498843_1242094454611781_4448058043287451236_n-169x300.jpg 169w, https:\/\/soswmyslenice.edu.pl\/new\/wp-content\/uploads\/2025\/12\/574498843_1242094454611781_4448058043287451236_n-768x1365.jpg 768w, https:\/\/soswmyslenice.edu.pl\/new\/wp-content\/uploads\/2025\/12\/574498843_1242094454611781_4448058043287451236_n-864x1536.jpg 864w, https:\/\/soswmyslenice.edu.pl\/new\/wp-content\/uploads\/2025\/12\/574498843_1242094454611781_4448058043287451236_n.jpg 1152w\" sizes=\"auto, (max-width: 576px) 100vw, 576px\" \/><\/figure>\n\n\n\n<figure class=\"wp-block-image size-large\"><img loading=\"lazy\" decoding=\"async\" width=\"576\" height=\"1024\" data-id=\"4738\" src=\"https:\/\/soswmyslenice.edu.pl\/new\/wp-content\/uploads\/2025\/12\/574520184_1242094667945093_828120624320609107_n-576x1024.jpg\" alt=\"\" class=\"wp-image-4738\" srcset=\"https:\/\/soswmyslenice.edu.pl\/new\/wp-content\/uploads\/2025\/12\/574520184_1242094667945093_828120624320609107_n-576x1024.jpg 576w, https:\/\/soswmyslenice.edu.pl\/new\/wp-content\/uploads\/2025\/12\/574520184_1242094667945093_828120624320609107_n-169x300.jpg 169w, https:\/\/soswmyslenice.edu.pl\/new\/wp-content\/uploads\/2025\/12\/574520184_1242094667945093_828120624320609107_n-768x1365.jpg 768w, https:\/\/soswmyslenice.edu.pl\/new\/wp-content\/uploads\/2025\/12\/574520184_1242094667945093_828120624320609107_n-864x1536.jpg 864w, https:\/\/soswmyslenice.edu.pl\/new\/wp-content\/uploads\/2025\/12\/574520184_1242094667945093_828120624320609107_n.jpg 1152w\" sizes=\"auto, (max-width: 576px) 100vw, 576px\" \/><\/figure>\n<\/figure>\n\n\n\n<figure class=\"wp-block-pullquote has-text-align-center has-medium-font-size\"><blockquote><p><strong>XII Ma\u0142opolski Turniej Pi\u0142ki No\u017cnej <\/strong><br><strong>dla Dzieci i M\u0142odzie\u017cy z Niepe\u0142nosprawno\u015bciami \u2013 Krak\u00f3w 2025<\/strong><\/p><\/blockquote><\/figure>\n\n\n\n<p>29 pa\u017adziernika 2025 roku, w Hala Cracovia sze\u015bcioosobowa reprezentacja naszego O\u015brodka w sk\u0142adzie: Julia, Gabrysia, Artur, Dawid,&nbsp; Krzysztof i Bartek, zmierzy\u0142a si\u0119 z dru\u017cynami z ca\u0142ej Ma\u0142opolski. W turnieju wzi\u0119\u0142o udzia\u0142 140 zawodnik\u00f3w!<\/p>\n\n\n\n<p>Na boisku nie brakowa\u0142o rado\u015bci i sportowej pasji! Wszyscy uczestnicy otrzymali puchary, medale i upominki.<\/p>\n\n\n\n<figure class=\"wp-block-gallery has-nested-images columns-default is-cropped wp-block-gallery-13 is-layout-flex wp-block-gallery-is-layout-flex\">\n<figure class=\"wp-block-image size-large\"><img loading=\"lazy\" decoding=\"async\" width=\"1024\" height=\"709\" data-id=\"4746\" src=\"https:\/\/soswmyslenice.edu.pl\/new\/wp-content\/uploads\/2025\/12\/577405651_1242984177856142_4537659963311219876_n-1024x709.jpg\" alt=\"\" class=\"wp-image-4746\" srcset=\"https:\/\/soswmyslenice.edu.pl\/new\/wp-content\/uploads\/2025\/12\/577405651_1242984177856142_4537659963311219876_n-1024x709.jpg 1024w, https:\/\/soswmyslenice.edu.pl\/new\/wp-content\/uploads\/2025\/12\/577405651_1242984177856142_4537659963311219876_n-300x208.jpg 300w, https:\/\/soswmyslenice.edu.pl\/new\/wp-content\/uploads\/2025\/12\/577405651_1242984177856142_4537659963311219876_n-768x532.jpg 768w, https:\/\/soswmyslenice.edu.pl\/new\/wp-content\/uploads\/2025\/12\/577405651_1242984177856142_4537659963311219876_n-1536x1064.jpg 1536w, https:\/\/soswmyslenice.edu.pl\/new\/wp-content\/uploads\/2025\/12\/577405651_1242984177856142_4537659963311219876_n.jpg 1663w\" sizes=\"auto, (max-width: 1024px) 100vw, 1024px\" \/><\/figure>\n\n\n\n<figure class=\"wp-block-image size-large\"><img loading=\"lazy\" decoding=\"async\" width=\"1024\" height=\"1024\" data-id=\"4748\" src=\"https:\/\/soswmyslenice.edu.pl\/new\/wp-content\/uploads\/2025\/12\/577442740_1242984147856145_843655091732706380_n-1024x1024.jpg\" alt=\"\" class=\"wp-image-4748\" srcset=\"https:\/\/soswmyslenice.edu.pl\/new\/wp-content\/uploads\/2025\/12\/577442740_1242984147856145_843655091732706380_n-1024x1024.jpg 1024w, https:\/\/soswmyslenice.edu.pl\/new\/wp-content\/uploads\/2025\/12\/577442740_1242984147856145_843655091732706380_n-300x300.jpg 300w, https:\/\/soswmyslenice.edu.pl\/new\/wp-content\/uploads\/2025\/12\/577442740_1242984147856145_843655091732706380_n-150x150.jpg 150w, https:\/\/soswmyslenice.edu.pl\/new\/wp-content\/uploads\/2025\/12\/577442740_1242984147856145_843655091732706380_n-768x768.jpg 768w, https:\/\/soswmyslenice.edu.pl\/new\/wp-content\/uploads\/2025\/12\/577442740_1242984147856145_843655091732706380_n-1536x1536.jpg 1536w, https:\/\/soswmyslenice.edu.pl\/new\/wp-content\/uploads\/2025\/12\/577442740_1242984147856145_843655091732706380_n.jpg 2048w\" sizes=\"auto, (max-width: 1024px) 100vw, 1024px\" \/><\/figure>\n\n\n\n<figure class=\"wp-block-image size-large\"><img loading=\"lazy\" decoding=\"async\" width=\"1024\" height=\"1024\" data-id=\"4739\" src=\"https:\/\/soswmyslenice.edu.pl\/new\/wp-content\/uploads\/2025\/12\/574988300_1242984084522818_8161662574115210840_n-1024x1024.jpg\" alt=\"\" class=\"wp-image-4739\" srcset=\"https:\/\/soswmyslenice.edu.pl\/new\/wp-content\/uploads\/2025\/12\/574988300_1242984084522818_8161662574115210840_n-1024x1024.jpg 1024w, https:\/\/soswmyslenice.edu.pl\/new\/wp-content\/uploads\/2025\/12\/574988300_1242984084522818_8161662574115210840_n-300x300.jpg 300w, https:\/\/soswmyslenice.edu.pl\/new\/wp-content\/uploads\/2025\/12\/574988300_1242984084522818_8161662574115210840_n-150x150.jpg 150w, https:\/\/soswmyslenice.edu.pl\/new\/wp-content\/uploads\/2025\/12\/574988300_1242984084522818_8161662574115210840_n-768x768.jpg 768w, https:\/\/soswmyslenice.edu.pl\/new\/wp-content\/uploads\/2025\/12\/574988300_1242984084522818_8161662574115210840_n-1536x1536.jpg 1536w, https:\/\/soswmyslenice.edu.pl\/new\/wp-content\/uploads\/2025\/12\/574988300_1242984084522818_8161662574115210840_n.jpg 2048w\" sizes=\"auto, (max-width: 1024px) 100vw, 1024px\" \/><\/figure>\n<\/figure>\n\n\n\n<figure class=\"wp-block-pullquote has-medium-font-size\"><blockquote><p><strong>Polska ma dzi\u015b swoje \u015bwi\u0119to!<\/strong><\/p><\/blockquote><\/figure>\n\n\n\n<p>Z tej okazji w naszej szkole odby\u0142a si\u0119 uroczysta akademia z okazji \u015awi\u0119ta Niepodleg\u0142o\u015bci Uczniowie w ciekawy i poruszaj\u0105cy spos\u00f3b przypomnieli najwa\u017cniejsze fakty zwi\u0105zane z odzyskaniem przez Polsk\u0119 wolno\u015bci, a na scenie zabrzmia\u0142y radosne, patriotyczne piosenki, kt\u00f3re podkre\u015bli\u0142y podnios\u0142y, a zarazem pe\u0142en entuzjazmu charakter wydarzenia<\/p>\n\n\n\n<p>Ca\u0142a sala mieni\u0142a si\u0119 bia\u0142o-czerwonymi barwami \u2013 uczniowie i nauczyciele z dum\u0105 machali flagami \ud83c\uddf5\ud83c\uddf1, tworz\u0105c wyj\u0105tkow\u0105 atmosfer\u0119 wsp\u00f3lnoty i rado\u015bci<\/p>\n\n\n\n<p>Nasza szko\u0142a wzi\u0119\u0142a r\u00f3wnie\u017c udzia\u0142 w og\u00f3lnopolskiej akcji \u201eSzko\u0142a do hymnu\u201d , wsp\u00f3lnie od\u015bpiewuj\u0105c \u201eMazurka D\u0105browskiego\u201d z sercem i dum\u0105.<\/p>\n\n\n\n<figure class=\"wp-block-gallery has-nested-images columns-default is-cropped wp-block-gallery-14 is-layout-flex wp-block-gallery-is-layout-flex\">\n<figure class=\"wp-block-image size-large\"><img loading=\"lazy\" decoding=\"async\" width=\"1024\" height=\"1024\" data-id=\"4747\" src=\"https:\/\/soswmyslenice.edu.pl\/new\/wp-content\/uploads\/2025\/12\/577442467_1245785197576040_8519860345071782306_n-1024x1024.jpg\" alt=\"\" class=\"wp-image-4747\" srcset=\"https:\/\/soswmyslenice.edu.pl\/new\/wp-content\/uploads\/2025\/12\/577442467_1245785197576040_8519860345071782306_n-1024x1024.jpg 1024w, https:\/\/soswmyslenice.edu.pl\/new\/wp-content\/uploads\/2025\/12\/577442467_1245785197576040_8519860345071782306_n-300x300.jpg 300w, https:\/\/soswmyslenice.edu.pl\/new\/wp-content\/uploads\/2025\/12\/577442467_1245785197576040_8519860345071782306_n-150x150.jpg 150w, https:\/\/soswmyslenice.edu.pl\/new\/wp-content\/uploads\/2025\/12\/577442467_1245785197576040_8519860345071782306_n-768x768.jpg 768w, https:\/\/soswmyslenice.edu.pl\/new\/wp-content\/uploads\/2025\/12\/577442467_1245785197576040_8519860345071782306_n-1536x1536.jpg 1536w, https:\/\/soswmyslenice.edu.pl\/new\/wp-content\/uploads\/2025\/12\/577442467_1245785197576040_8519860345071782306_n.jpg 2048w\" sizes=\"auto, (max-width: 1024px) 100vw, 1024px\" \/><\/figure>\n\n\n\n<figure class=\"wp-block-image size-large\"><img loading=\"lazy\" decoding=\"async\" width=\"1024\" height=\"1024\" data-id=\"4749\" src=\"https:\/\/soswmyslenice.edu.pl\/new\/wp-content\/uploads\/2025\/12\/577544166_1245655734255653_620810797586898266_n-1024x1024.jpg\" alt=\"\" class=\"wp-image-4749\" srcset=\"https:\/\/soswmyslenice.edu.pl\/new\/wp-content\/uploads\/2025\/12\/577544166_1245655734255653_620810797586898266_n-1024x1024.jpg 1024w, https:\/\/soswmyslenice.edu.pl\/new\/wp-content\/uploads\/2025\/12\/577544166_1245655734255653_620810797586898266_n-300x300.jpg 300w, https:\/\/soswmyslenice.edu.pl\/new\/wp-content\/uploads\/2025\/12\/577544166_1245655734255653_620810797586898266_n-150x150.jpg 150w, https:\/\/soswmyslenice.edu.pl\/new\/wp-content\/uploads\/2025\/12\/577544166_1245655734255653_620810797586898266_n-768x768.jpg 768w, https:\/\/soswmyslenice.edu.pl\/new\/wp-content\/uploads\/2025\/12\/577544166_1245655734255653_620810797586898266_n-1536x1536.jpg 1536w, https:\/\/soswmyslenice.edu.pl\/new\/wp-content\/uploads\/2025\/12\/577544166_1245655734255653_620810797586898266_n.jpg 2048w\" sizes=\"auto, (max-width: 1024px) 100vw, 1024px\" \/><\/figure>\n<\/figure>\n\n\n\n<figure class=\"wp-block-pullquote has-medium-font-size\"><blockquote><p><strong>Przegl\u0105d Tw\u00f3rczo\u015bci Os\u00f3b Niepe\u0142nosprawnych<\/strong><\/p><\/blockquote><\/figure>\n\n\n\n<p>Za oknem \u015bnieg, a w MOKiS My\u015blenice \u2013 ciep\u0142o podr\u00f3\u017cy, wakacyjnych wspomnie\u0144 i niezwyk\u0142ych emocji. W takiej atmosferze odby\u0142 si\u0119 X Przegl\u0105d Tw\u00f3rczo\u015bci Os\u00f3b Niepe\u0142nosprawnych, kt\u00f3rego motywem by\u0142y marzenia o dalekich wyprawach i radosnych prze\u017cyciach.<\/p>\n\n\n\n<p>Nasza grupa Iskierki rozb\u0142ysn\u0119\u0142a na scenie pe\u0142ni\u0105 energii, prezentuj\u0105c dwie niezwykle pogodne piosenki \u2013 \u201eRzeka marze\u0144\u201d oraz \u201eBananowy song\u201d.<\/p>\n\n\n\n<p>Wyst\u0119p pe\u0142en spontaniczno\u015bci, s\u0142o\u0144ca i pozytywnej ekspresji porwa\u0142 zar\u00f3wno publiczno\u015b\u0107, jak i jury, przynosz\u0105c zas\u0142u\u017cone pierwsze wyr\u00f3\u017cnienie!<\/p>\n\n\n\n<figure class=\"wp-block-gallery has-nested-images columns-default is-cropped wp-block-gallery-15 is-layout-flex wp-block-gallery-is-layout-flex\">\n<figure class=\"wp-block-image size-large\"><img loading=\"lazy\" decoding=\"async\" width=\"576\" height=\"1024\" data-id=\"4824\" src=\"https:\/\/soswmyslenice.edu.pl\/new\/wp-content\/uploads\/2026\/02\/587764511_1257910549696838_8226797660765536992_n-576x1024.jpg\" alt=\"\" class=\"wp-image-4824\" srcset=\"https:\/\/soswmyslenice.edu.pl\/new\/wp-content\/uploads\/2026\/02\/587764511_1257910549696838_8226797660765536992_n-576x1024.jpg 576w, https:\/\/soswmyslenice.edu.pl\/new\/wp-content\/uploads\/2026\/02\/587764511_1257910549696838_8226797660765536992_n-169x300.jpg 169w, https:\/\/soswmyslenice.edu.pl\/new\/wp-content\/uploads\/2026\/02\/587764511_1257910549696838_8226797660765536992_n-768x1365.jpg 768w, https:\/\/soswmyslenice.edu.pl\/new\/wp-content\/uploads\/2026\/02\/587764511_1257910549696838_8226797660765536992_n-864x1536.jpg 864w, https:\/\/soswmyslenice.edu.pl\/new\/wp-content\/uploads\/2026\/02\/587764511_1257910549696838_8226797660765536992_n.jpg 1152w\" sizes=\"auto, (max-width: 576px) 100vw, 576px\" \/><\/figure>\n\n\n\n<figure class=\"wp-block-image size-large\"><img loading=\"lazy\" decoding=\"async\" width=\"576\" height=\"1024\" data-id=\"4826\" src=\"https:\/\/soswmyslenice.edu.pl\/new\/wp-content\/uploads\/2026\/02\/585642198_1257910613030165_1445693390916727470_n-576x1024.jpg\" alt=\"\" class=\"wp-image-4826\" srcset=\"https:\/\/soswmyslenice.edu.pl\/new\/wp-content\/uploads\/2026\/02\/585642198_1257910613030165_1445693390916727470_n-576x1024.jpg 576w, https:\/\/soswmyslenice.edu.pl\/new\/wp-content\/uploads\/2026\/02\/585642198_1257910613030165_1445693390916727470_n-169x300.jpg 169w, https:\/\/soswmyslenice.edu.pl\/new\/wp-content\/uploads\/2026\/02\/585642198_1257910613030165_1445693390916727470_n-768x1365.jpg 768w, https:\/\/soswmyslenice.edu.pl\/new\/wp-content\/uploads\/2026\/02\/585642198_1257910613030165_1445693390916727470_n-864x1536.jpg 864w, https:\/\/soswmyslenice.edu.pl\/new\/wp-content\/uploads\/2026\/02\/585642198_1257910613030165_1445693390916727470_n.jpg 1152w\" sizes=\"auto, (max-width: 576px) 100vw, 576px\" \/><\/figure>\n<\/figure>\n\n\n\n<figure class=\"wp-block-pullquote\"><blockquote><p><strong>Dzie\u0144 Praw Dziecka<\/strong><\/p><\/blockquote><\/figure>\n\n\n\n<p>20 listopada obchodzili\u015bmy Dzie\u0144 Praw Dziecka \u2013 \u015bwi\u0119to przypominaj\u0105ce, \u017ce ka\u017cde dziecko ma prawo do mi\u0142o\u015bci, bezpiecze\u0144stwa, edukacji, szacunku i r\u00f3wnego traktowania.<\/p>\n\n\n\n<p>Data ta jest wyj\u0105tkowa: w 1959 r. ONZ przyj\u0119\u0142o Deklaracj\u0119 Praw Dziecka, a w 1989 r. uchwalono Konwencj\u0119 o Prawach Dziecka \u2013 najwa\u017cniejszy dokument chroni\u0105cy prawa najm\u0142odszych na ca\u0142ym \u015bwiecie.<\/p>\n\n\n\n<p>W naszym O\u015brodku psychologowie przygotowali warsztaty pe\u0142ne edukacji i zabawy:<\/p>\n\n\n\n<p>&#8211; Tworzenie plakat\u00f3w \u2013 dzieci mog\u0142y wyrazi\u0107 swoj\u0105 kreatywno\u015b\u0107 i przedstawi\u0107 w kolorowy spos\u00f3b prawa dziecka.<\/p>\n\n\n\n<p>&#8211; &nbsp;Prezentacja edukacyjna \u2013 w przyst\u0119pny spos\u00f3b om\u00f3wili\u015bmy prawa i obowi\u0105zki dzieci, ucz\u0105c szacunku do siebie nawzajem i zrozumienia w\u0142asnych potrzeb.<\/p>\n\n\n\n<p>&#8211; &nbsp;Zabawy muzyczno-ruchowe i korow\u00f3d z balonami \u2013 wszyscy aktywnie uczestniczyli, ta\u0144czyli, \u015bmiali si\u0119 i bawili wsp\u00f3lnie<\/p>\n\n\n\n<figure class=\"wp-block-gallery has-nested-images columns-default is-cropped wp-block-gallery-16 is-layout-flex wp-block-gallery-is-layout-flex\">\n<figure class=\"wp-block-image size-large\"><img loading=\"lazy\" decoding=\"async\" width=\"682\" height=\"1024\" data-id=\"4823\" src=\"https:\/\/soswmyslenice.edu.pl\/new\/wp-content\/uploads\/2026\/02\/588443882_1261279396026620_3429267712484390017_n-682x1024.jpg\" alt=\"\" class=\"wp-image-4823\" srcset=\"https:\/\/soswmyslenice.edu.pl\/new\/wp-content\/uploads\/2026\/02\/588443882_1261279396026620_3429267712484390017_n-682x1024.jpg 682w, https:\/\/soswmyslenice.edu.pl\/new\/wp-content\/uploads\/2026\/02\/588443882_1261279396026620_3429267712484390017_n-200x300.jpg 200w, https:\/\/soswmyslenice.edu.pl\/new\/wp-content\/uploads\/2026\/02\/588443882_1261279396026620_3429267712484390017_n-768x1153.jpg 768w, https:\/\/soswmyslenice.edu.pl\/new\/wp-content\/uploads\/2026\/02\/588443882_1261279396026620_3429267712484390017_n-1023x1536.jpg 1023w, https:\/\/soswmyslenice.edu.pl\/new\/wp-content\/uploads\/2026\/02\/588443882_1261279396026620_3429267712484390017_n.jpg 1332w\" sizes=\"auto, (max-width: 682px) 100vw, 682px\" \/><\/figure>\n\n\n\n<figure class=\"wp-block-image size-large\"><img loading=\"lazy\" decoding=\"async\" width=\"682\" height=\"1024\" data-id=\"4822\" src=\"https:\/\/soswmyslenice.edu.pl\/new\/wp-content\/uploads\/2026\/02\/589258034_1261144279373465_7771268558526219620_n-682x1024.jpg\" alt=\"\" class=\"wp-image-4822\" srcset=\"https:\/\/soswmyslenice.edu.pl\/new\/wp-content\/uploads\/2026\/02\/589258034_1261144279373465_7771268558526219620_n-682x1024.jpg 682w, https:\/\/soswmyslenice.edu.pl\/new\/wp-content\/uploads\/2026\/02\/589258034_1261144279373465_7771268558526219620_n-200x300.jpg 200w, https:\/\/soswmyslenice.edu.pl\/new\/wp-content\/uploads\/2026\/02\/589258034_1261144279373465_7771268558526219620_n-768x1152.jpg 768w, https:\/\/soswmyslenice.edu.pl\/new\/wp-content\/uploads\/2026\/02\/589258034_1261144279373465_7771268558526219620_n-1024x1536.jpg 1024w, https:\/\/soswmyslenice.edu.pl\/new\/wp-content\/uploads\/2026\/02\/589258034_1261144279373465_7771268558526219620_n.jpg 1333w\" sizes=\"auto, (max-width: 682px) 100vw, 682px\" \/><\/figure>\n\n\n\n<figure class=\"wp-block-image size-large\"><img loading=\"lazy\" decoding=\"async\" width=\"682\" height=\"1024\" data-id=\"4821\" src=\"https:\/\/soswmyslenice.edu.pl\/new\/wp-content\/uploads\/2026\/02\/589878954_1261144382706788_3039993162815175588_n-682x1024.jpg\" alt=\"\" class=\"wp-image-4821\" srcset=\"https:\/\/soswmyslenice.edu.pl\/new\/wp-content\/uploads\/2026\/02\/589878954_1261144382706788_3039993162815175588_n-682x1024.jpg 682w, https:\/\/soswmyslenice.edu.pl\/new\/wp-content\/uploads\/2026\/02\/589878954_1261144382706788_3039993162815175588_n-200x300.jpg 200w, https:\/\/soswmyslenice.edu.pl\/new\/wp-content\/uploads\/2026\/02\/589878954_1261144382706788_3039993162815175588_n-768x1152.jpg 768w, https:\/\/soswmyslenice.edu.pl\/new\/wp-content\/uploads\/2026\/02\/589878954_1261144382706788_3039993162815175588_n-1024x1536.jpg 1024w, https:\/\/soswmyslenice.edu.pl\/new\/wp-content\/uploads\/2026\/02\/589878954_1261144382706788_3039993162815175588_n.jpg 1333w\" sizes=\"auto, (max-width: 682px) 100vw, 682px\" \/><\/figure>\n<\/figure>\n\n\n\n<figure class=\"wp-block-pullquote\"><blockquote><p><strong>Klasyka dla Wszystkich!<\/strong><\/p><\/blockquote><\/figure>\n\n\n\n<p>27 listopada nasi uczniowie mieli niezwyk\u0142\u0105 okazj\u0119 uczestniczy\u0107 w koncercie \u201eKlasyka dla wszystkich \u2013 Koncert inkluzywny\u201d, kt\u00f3ry odby\u0142 si\u0119 w My\u015blenicki O\u015brodek Kultury i Sportu .<\/p>\n\n\n\n<p>Wyst\u0119p Polish Art Philharmonic zachwyci\u0142 publiczno\u015b\u0107, a specjalny go\u015b\u0107 \u2013 Robert Bryli\u0144ski \u2013 swoj\u0105 energetyczn\u0105 gr\u0105 na akordeonie porwa\u0142 wszystkich z miejsc! Dla naszych uczni\u00f3w by\u0142 to czas pe\u0142en rado\u015bci, wsp\u00f3lnego \u015bpiewu, wzrusze\u0144 i pi\u0119knych emocji. Takie wydarzenia rozwijaj\u0105 wra\u017cliwo\u015b\u0107, integruj\u0105 i pokazuj\u0105, jak wielk\u0105 moc ma muzyka<\/p>\n\n\n\n<figure class=\"wp-block-gallery has-nested-images columns-default is-cropped wp-block-gallery-17 is-layout-flex wp-block-gallery-is-layout-flex\">\n<figure class=\"wp-block-image size-large\"><img loading=\"lazy\" decoding=\"async\" width=\"1024\" height=\"576\" data-id=\"4818\" src=\"https:\/\/soswmyslenice.edu.pl\/new\/wp-content\/uploads\/2026\/02\/591568026_1265808835573676_2816419611653731150_n-1024x576.jpg\" alt=\"\" class=\"wp-image-4818\" srcset=\"https:\/\/soswmyslenice.edu.pl\/new\/wp-content\/uploads\/2026\/02\/591568026_1265808835573676_2816419611653731150_n-1024x576.jpg 1024w, https:\/\/soswmyslenice.edu.pl\/new\/wp-content\/uploads\/2026\/02\/591568026_1265808835573676_2816419611653731150_n-300x169.jpg 300w, https:\/\/soswmyslenice.edu.pl\/new\/wp-content\/uploads\/2026\/02\/591568026_1265808835573676_2816419611653731150_n-768x432.jpg 768w, https:\/\/soswmyslenice.edu.pl\/new\/wp-content\/uploads\/2026\/02\/591568026_1265808835573676_2816419611653731150_n-1536x864.jpg 1536w, https:\/\/soswmyslenice.edu.pl\/new\/wp-content\/uploads\/2026\/02\/591568026_1265808835573676_2816419611653731150_n.jpg 2048w\" sizes=\"auto, (max-width: 1024px) 100vw, 1024px\" \/><\/figure>\n\n\n\n<figure class=\"wp-block-image size-large\"><img loading=\"lazy\" decoding=\"async\" width=\"1024\" height=\"577\" data-id=\"4819\" src=\"https:\/\/soswmyslenice.edu.pl\/new\/wp-content\/uploads\/2026\/02\/591260151_1265808878907005_3711283270307794848_n-1024x577.jpg\" alt=\"\" class=\"wp-image-4819\" srcset=\"https:\/\/soswmyslenice.edu.pl\/new\/wp-content\/uploads\/2026\/02\/591260151_1265808878907005_3711283270307794848_n-1024x577.jpg 1024w, https:\/\/soswmyslenice.edu.pl\/new\/wp-content\/uploads\/2026\/02\/591260151_1265808878907005_3711283270307794848_n-300x169.jpg 300w, https:\/\/soswmyslenice.edu.pl\/new\/wp-content\/uploads\/2026\/02\/591260151_1265808878907005_3711283270307794848_n-768x433.jpg 768w, https:\/\/soswmyslenice.edu.pl\/new\/wp-content\/uploads\/2026\/02\/591260151_1265808878907005_3711283270307794848_n-1536x866.jpg 1536w, https:\/\/soswmyslenice.edu.pl\/new\/wp-content\/uploads\/2026\/02\/591260151_1265808878907005_3711283270307794848_n.jpg 2048w\" sizes=\"auto, (max-width: 1024px) 100vw, 1024px\" \/><\/figure>\n\n\n\n<figure class=\"wp-block-image size-large\"><img loading=\"lazy\" decoding=\"async\" width=\"1024\" height=\"768\" data-id=\"4820\" src=\"https:\/\/soswmyslenice.edu.pl\/new\/wp-content\/uploads\/2026\/02\/591252576_1265809148906978_8993764562312624747_n-1024x768.jpg\" alt=\"\" class=\"wp-image-4820\" srcset=\"https:\/\/soswmyslenice.edu.pl\/new\/wp-content\/uploads\/2026\/02\/591252576_1265809148906978_8993764562312624747_n-1024x768.jpg 1024w, https:\/\/soswmyslenice.edu.pl\/new\/wp-content\/uploads\/2026\/02\/591252576_1265809148906978_8993764562312624747_n-300x225.jpg 300w, https:\/\/soswmyslenice.edu.pl\/new\/wp-content\/uploads\/2026\/02\/591252576_1265809148906978_8993764562312624747_n-768x576.jpg 768w, https:\/\/soswmyslenice.edu.pl\/new\/wp-content\/uploads\/2026\/02\/591252576_1265809148906978_8993764562312624747_n-1536x1152.jpg 1536w, https:\/\/soswmyslenice.edu.pl\/new\/wp-content\/uploads\/2026\/02\/591252576_1265809148906978_8993764562312624747_n.jpg 2048w\" sizes=\"auto, (max-width: 1024px) 100vw, 1024px\" \/><\/figure>\n<\/figure>\n\n\n\n<figure class=\"wp-block-pullquote\"><blockquote><p><strong>Wycieczka do Krakowa<\/strong><\/p><\/blockquote><\/figure>\n\n\n\n<p>3 grudnia 2025 wychowankowie Internatu sp\u0119dzili wyj\u0105tkowe popo\u0142udnie w Krakowie!<\/p>\n\n\n\n<p>Pierwszym punktem by\u0142o odwiedzenie Jarmarku Bo\u017conarodzeniowego, gdzie m\u0142odzie\u017c mog\u0142a poczu\u0107 prawdziwy klimat zbli\u017caj\u0105cych si\u0119 \u015bwi\u0105t. Nie zabrak\u0142o te\u017c spaceru przez Sukiennice, kt\u00f3re jak zawsze zachwyca\u0142y swoim urokiem i pi\u0119knem.<\/p>\n\n\n\n<p>Nast\u0119pnie udali\u015bmy si\u0119 do JRG nr 3 w Krakowie. Wychowankowie mieli okazj\u0119 zobaczy\u0107 z bliska profesjonalny sprz\u0119t stra\u017cacki, przymierzy\u0107 specjalistyczn\u0105 odzie\u017c i dowiedzie\u0107 si\u0119, jak wygl\u0105da codzienna praca stra\u017cak\u00f3w. To spotkanie da\u0142o im nie tylko du\u017co rado\u015bci, ale te\u017c wa\u017cnej wiedzy o bezpiecze\u0144stwie po\u017carowym.<\/p>\n\n\n\n<figure class=\"wp-block-gallery has-nested-images columns-default is-cropped wp-block-gallery-18 is-layout-flex wp-block-gallery-is-layout-flex\">\n<figure class=\"wp-block-image size-large\"><img loading=\"lazy\" decoding=\"async\" width=\"1024\" height=\"1024\" data-id=\"4811\" src=\"https:\/\/soswmyslenice.edu.pl\/new\/wp-content\/uploads\/2026\/02\/596505104_1272019004952659_6357069502429685529_n-1024x1024.jpg\" alt=\"\" class=\"wp-image-4811\" srcset=\"https:\/\/soswmyslenice.edu.pl\/new\/wp-content\/uploads\/2026\/02\/596505104_1272019004952659_6357069502429685529_n-1024x1024.jpg 1024w, https:\/\/soswmyslenice.edu.pl\/new\/wp-content\/uploads\/2026\/02\/596505104_1272019004952659_6357069502429685529_n-300x300.jpg 300w, https:\/\/soswmyslenice.edu.pl\/new\/wp-content\/uploads\/2026\/02\/596505104_1272019004952659_6357069502429685529_n-150x150.jpg 150w, https:\/\/soswmyslenice.edu.pl\/new\/wp-content\/uploads\/2026\/02\/596505104_1272019004952659_6357069502429685529_n-768x768.jpg 768w, https:\/\/soswmyslenice.edu.pl\/new\/wp-content\/uploads\/2026\/02\/596505104_1272019004952659_6357069502429685529_n-1536x1536.jpg 1536w, https:\/\/soswmyslenice.edu.pl\/new\/wp-content\/uploads\/2026\/02\/596505104_1272019004952659_6357069502429685529_n.jpg 2048w\" sizes=\"auto, (max-width: 1024px) 100vw, 1024px\" \/><\/figure>\n\n\n\n<figure class=\"wp-block-image size-large\"><img loading=\"lazy\" decoding=\"async\" width=\"1024\" height=\"1024\" data-id=\"4809\" src=\"https:\/\/soswmyslenice.edu.pl\/new\/wp-content\/uploads\/2026\/02\/596812532_1272019064952653_1581754074907834377_n-1024x1024.jpg\" alt=\"\" class=\"wp-image-4809\" srcset=\"https:\/\/soswmyslenice.edu.pl\/new\/wp-content\/uploads\/2026\/02\/596812532_1272019064952653_1581754074907834377_n-1024x1024.jpg 1024w, https:\/\/soswmyslenice.edu.pl\/new\/wp-content\/uploads\/2026\/02\/596812532_1272019064952653_1581754074907834377_n-300x300.jpg 300w, https:\/\/soswmyslenice.edu.pl\/new\/wp-content\/uploads\/2026\/02\/596812532_1272019064952653_1581754074907834377_n-150x150.jpg 150w, https:\/\/soswmyslenice.edu.pl\/new\/wp-content\/uploads\/2026\/02\/596812532_1272019064952653_1581754074907834377_n-768x768.jpg 768w, https:\/\/soswmyslenice.edu.pl\/new\/wp-content\/uploads\/2026\/02\/596812532_1272019064952653_1581754074907834377_n-1536x1536.jpg 1536w, https:\/\/soswmyslenice.edu.pl\/new\/wp-content\/uploads\/2026\/02\/596812532_1272019064952653_1581754074907834377_n.jpg 2048w\" sizes=\"auto, (max-width: 1024px) 100vw, 1024px\" \/><\/figure>\n\n\n\n<figure class=\"wp-block-image size-large\"><img loading=\"lazy\" decoding=\"async\" width=\"1024\" height=\"1024\" data-id=\"4806\" src=\"https:\/\/soswmyslenice.edu.pl\/new\/wp-content\/uploads\/2026\/02\/597614619_1272019484952611_5000316293048415989_n-1024x1024.jpg\" alt=\"\" class=\"wp-image-4806\" srcset=\"https:\/\/soswmyslenice.edu.pl\/new\/wp-content\/uploads\/2026\/02\/597614619_1272019484952611_5000316293048415989_n-1024x1024.jpg 1024w, https:\/\/soswmyslenice.edu.pl\/new\/wp-content\/uploads\/2026\/02\/597614619_1272019484952611_5000316293048415989_n-300x300.jpg 300w, https:\/\/soswmyslenice.edu.pl\/new\/wp-content\/uploads\/2026\/02\/597614619_1272019484952611_5000316293048415989_n-150x150.jpg 150w, https:\/\/soswmyslenice.edu.pl\/new\/wp-content\/uploads\/2026\/02\/597614619_1272019484952611_5000316293048415989_n-768x768.jpg 768w, https:\/\/soswmyslenice.edu.pl\/new\/wp-content\/uploads\/2026\/02\/597614619_1272019484952611_5000316293048415989_n-1536x1536.jpg 1536w, https:\/\/soswmyslenice.edu.pl\/new\/wp-content\/uploads\/2026\/02\/597614619_1272019484952611_5000316293048415989_n.jpg 2048w\" sizes=\"auto, (max-width: 1024px) 100vw, 1024px\" \/><\/figure>\n<\/figure>\n\n\n\n<figure class=\"wp-block-pullquote\"><blockquote><p><strong>Magiczny dzie\u0144 w Naszym O\u015brodku<\/strong><\/p><\/blockquote><\/figure>\n\n\n\n<p>5 grudnia przyni\u00f3s\u0142 nam mn\u00f3stwo rado\u015bci, u\u015bmiech\u00f3w i \u015bwi\u0105tecznego ciep\u0142a. Odwiedzi\u0142 nas sam \u015awi\u0119ty Miko\u0142aj w towarzystwie uroczych anio\u0142k\u00f3w, obdarowuj\u0105c naszych uczni\u00f3w pi\u0119knymi prezentami, s\u0142odkimi paczkami i uroczymi maskotkami.<\/p>\n\n\n\n<p>Serdeczne podzi\u0119kowania kierujemy do Dyrekcji, Nauczycieli, a w szczeg\u00f3lno\u015bci Pani Violetty Madej, Pani Katarzyny Szpunar oraz uczni\u00f3w z Zesp\u00f3\u0142 Szk\u00f3\u0142 Architektoniczno-Budowlanych w Krakowie za obecno\u015b\u0107 i przygotowanie tak wyj\u0105tkowych upomink\u00f3w.<\/p>\n\n\n\n<figure class=\"wp-block-gallery has-nested-images columns-default is-cropped wp-block-gallery-19 is-layout-flex wp-block-gallery-is-layout-flex\">\n<figure class=\"wp-block-image size-large\"><img loading=\"lazy\" decoding=\"async\" width=\"1024\" height=\"885\" data-id=\"4817\" src=\"https:\/\/soswmyslenice.edu.pl\/new\/wp-content\/uploads\/2026\/02\/594059542_1268938441927382_7704433785296463403_n-1024x885.jpg\" alt=\"\" class=\"wp-image-4817\" srcset=\"https:\/\/soswmyslenice.edu.pl\/new\/wp-content\/uploads\/2026\/02\/594059542_1268938441927382_7704433785296463403_n-1024x885.jpg 1024w, https:\/\/soswmyslenice.edu.pl\/new\/wp-content\/uploads\/2026\/02\/594059542_1268938441927382_7704433785296463403_n-300x259.jpg 300w, https:\/\/soswmyslenice.edu.pl\/new\/wp-content\/uploads\/2026\/02\/594059542_1268938441927382_7704433785296463403_n-768x664.jpg 768w, https:\/\/soswmyslenice.edu.pl\/new\/wp-content\/uploads\/2026\/02\/594059542_1268938441927382_7704433785296463403_n-1536x1327.jpg 1536w, https:\/\/soswmyslenice.edu.pl\/new\/wp-content\/uploads\/2026\/02\/594059542_1268938441927382_7704433785296463403_n.jpg 1875w\" sizes=\"auto, (max-width: 1024px) 100vw, 1024px\" \/><\/figure>\n\n\n\n<figure class=\"wp-block-image size-large\"><img loading=\"lazy\" decoding=\"async\" width=\"1024\" height=\"732\" data-id=\"4816\" src=\"https:\/\/soswmyslenice.edu.pl\/new\/wp-content\/uploads\/2026\/02\/594064240_1268938741927352_163443839599335458_n-1024x732.jpg\" alt=\"\" class=\"wp-image-4816\" srcset=\"https:\/\/soswmyslenice.edu.pl\/new\/wp-content\/uploads\/2026\/02\/594064240_1268938741927352_163443839599335458_n-1024x732.jpg 1024w, https:\/\/soswmyslenice.edu.pl\/new\/wp-content\/uploads\/2026\/02\/594064240_1268938741927352_163443839599335458_n-300x214.jpg 300w, https:\/\/soswmyslenice.edu.pl\/new\/wp-content\/uploads\/2026\/02\/594064240_1268938741927352_163443839599335458_n-768x549.jpg 768w, https:\/\/soswmyslenice.edu.pl\/new\/wp-content\/uploads\/2026\/02\/594064240_1268938741927352_163443839599335458_n.jpg 1289w\" sizes=\"auto, (max-width: 1024px) 100vw, 1024px\" \/><\/figure>\n\n\n\n<figure class=\"wp-block-image size-large\"><img loading=\"lazy\" decoding=\"async\" width=\"1024\" height=\"549\" data-id=\"4815\" src=\"https:\/\/soswmyslenice.edu.pl\/new\/wp-content\/uploads\/2026\/02\/594066445_1268938678594025_5852603432519106333_n-1024x549.jpg\" alt=\"\" class=\"wp-image-4815\" srcset=\"https:\/\/soswmyslenice.edu.pl\/new\/wp-content\/uploads\/2026\/02\/594066445_1268938678594025_5852603432519106333_n-1024x549.jpg 1024w, https:\/\/soswmyslenice.edu.pl\/new\/wp-content\/uploads\/2026\/02\/594066445_1268938678594025_5852603432519106333_n-300x161.jpg 300w, https:\/\/soswmyslenice.edu.pl\/new\/wp-content\/uploads\/2026\/02\/594066445_1268938678594025_5852603432519106333_n-768x412.jpg 768w, https:\/\/soswmyslenice.edu.pl\/new\/wp-content\/uploads\/2026\/02\/594066445_1268938678594025_5852603432519106333_n-1536x823.jpg 1536w, https:\/\/soswmyslenice.edu.pl\/new\/wp-content\/uploads\/2026\/02\/594066445_1268938678594025_5852603432519106333_n.jpg 2036w\" sizes=\"auto, (max-width: 1024px) 100vw, 1024px\" \/><\/figure>\n\n\n\n<figure class=\"wp-block-image size-large\"><img loading=\"lazy\" decoding=\"async\" width=\"1024\" height=\"720\" data-id=\"4814\" src=\"https:\/\/soswmyslenice.edu.pl\/new\/wp-content\/uploads\/2026\/02\/594069978_1268939395260620_5638795489805366423_n-1024x720.jpg\" alt=\"\" class=\"wp-image-4814\" srcset=\"https:\/\/soswmyslenice.edu.pl\/new\/wp-content\/uploads\/2026\/02\/594069978_1268939395260620_5638795489805366423_n-1024x720.jpg 1024w, https:\/\/soswmyslenice.edu.pl\/new\/wp-content\/uploads\/2026\/02\/594069978_1268939395260620_5638795489805366423_n-300x211.jpg 300w, https:\/\/soswmyslenice.edu.pl\/new\/wp-content\/uploads\/2026\/02\/594069978_1268939395260620_5638795489805366423_n-768x540.jpg 768w, https:\/\/soswmyslenice.edu.pl\/new\/wp-content\/uploads\/2026\/02\/594069978_1268939395260620_5638795489805366423_n-1536x1080.jpg 1536w, https:\/\/soswmyslenice.edu.pl\/new\/wp-content\/uploads\/2026\/02\/594069978_1268939395260620_5638795489805366423_n.jpg 2048w\" sizes=\"auto, (max-width: 1024px) 100vw, 1024px\" \/><\/figure>\n\n\n\n<figure class=\"wp-block-image size-large\"><img loading=\"lazy\" decoding=\"async\" width=\"1024\" height=\"661\" data-id=\"4813\" src=\"https:\/\/soswmyslenice.edu.pl\/new\/wp-content\/uploads\/2026\/02\/594075309_1268939481927278_4307920817317720963_n-1024x661.jpg\" alt=\"\" class=\"wp-image-4813\" srcset=\"https:\/\/soswmyslenice.edu.pl\/new\/wp-content\/uploads\/2026\/02\/594075309_1268939481927278_4307920817317720963_n-1024x661.jpg 1024w, https:\/\/soswmyslenice.edu.pl\/new\/wp-content\/uploads\/2026\/02\/594075309_1268939481927278_4307920817317720963_n-300x194.jpg 300w, https:\/\/soswmyslenice.edu.pl\/new\/wp-content\/uploads\/2026\/02\/594075309_1268939481927278_4307920817317720963_n-768x495.jpg 768w, https:\/\/soswmyslenice.edu.pl\/new\/wp-content\/uploads\/2026\/02\/594075309_1268939481927278_4307920817317720963_n-1536x991.jpg 1536w, https:\/\/soswmyslenice.edu.pl\/new\/wp-content\/uploads\/2026\/02\/594075309_1268939481927278_4307920817317720963_n.jpg 2048w\" sizes=\"auto, (max-width: 1024px) 100vw, 1024px\" \/><\/figure>\n\n\n\n<figure class=\"wp-block-image size-large\"><img loading=\"lazy\" decoding=\"async\" width=\"1024\" height=\"817\" data-id=\"4812\" src=\"https:\/\/soswmyslenice.edu.pl\/new\/wp-content\/uploads\/2026\/02\/595102960_1268939335260626_4318667957548469786_n-1024x817.jpg\" alt=\"\" class=\"wp-image-4812\" srcset=\"https:\/\/soswmyslenice.edu.pl\/new\/wp-content\/uploads\/2026\/02\/595102960_1268939335260626_4318667957548469786_n-1024x817.jpg 1024w, https:\/\/soswmyslenice.edu.pl\/new\/wp-content\/uploads\/2026\/02\/595102960_1268939335260626_4318667957548469786_n-300x239.jpg 300w, https:\/\/soswmyslenice.edu.pl\/new\/wp-content\/uploads\/2026\/02\/595102960_1268939335260626_4318667957548469786_n-768x613.jpg 768w, https:\/\/soswmyslenice.edu.pl\/new\/wp-content\/uploads\/2026\/02\/595102960_1268939335260626_4318667957548469786_n-1536x1226.jpg 1536w, https:\/\/soswmyslenice.edu.pl\/new\/wp-content\/uploads\/2026\/02\/595102960_1268939335260626_4318667957548469786_n.jpg 1547w\" sizes=\"auto, (max-width: 1024px) 100vw, 1024px\" \/><\/figure>\n<\/figure>\n\n\n\n<figure class=\"wp-block-pullquote\"><blockquote><p><strong>Le\u0107 kol\u0119do w \u015bwiat!<\/strong><\/p><\/blockquote><\/figure>\n\n\n\n<p>Kolejny raz Kino &#8222;Gryf&#8221; w Miechowie wype\u0142ni\u0142o si\u0119 \u015bpiewem poruszaj\u0105cych i magicznych kol\u0119d i pastora\u0142ek.<\/p>\n\n\n\n<p>Ju\u017c IX raz dzi\u0119ki SOSW Zagorzyce i Stowarzyszenie &#8222;Blask Nadziei&#8221; w Zagorzycach odby\u0142 si\u0119 przegl\u0105d &#8222;Le\u0107 kol\u0119do w \u015bwiat&#8221;, w kt\u00f3rym zaprezentowali si\u0119 r\u00f3wnie\u017c uczniowie naszego O\u015brodka.<\/p>\n\n\n\n<p>&nbsp;W barwnych strojach i z wielk\u0105 rado\u015bci\u0105 w sercu zaprezentowali trzy utwory:<\/p>\n\n\n\n<p>&#8222;Narodzi\u0142 si\u0119 w szopie&#8221;<\/p>\n\n\n\n<p>&#8222;Ma\u0142e Betlejem&#8221; oraz<\/p>\n\n\n\n<p>&#8222;Patrzcie Bracia&#8221;.<\/p>\n\n\n\n<p>By\u0142o to pe\u0142ne wzrusze\u0144 i pi\u0119kne prze\u017cycie, na kt\u00f3re co roku z niecierpliwo\u015bci\u0105 czekamy. Dzi\u0119kujemy za mo\u017cliwo\u015b\u0107 prze\u017cycia tak mi\u0142ych chwil, pe\u0142nych \u017cyczliwo\u015bci i staropolskiej go\u015bciny ze strony Organizator\u00f3w.<\/p>\n\n\n\n<figure class=\"wp-block-gallery has-nested-images columns-default is-cropped wp-block-gallery-20 is-layout-flex wp-block-gallery-is-layout-flex\">\n<figure class=\"wp-block-image size-large\"><img loading=\"lazy\" decoding=\"async\" width=\"576\" height=\"1024\" data-id=\"4807\" src=\"https:\/\/soswmyslenice.edu.pl\/new\/wp-content\/uploads\/2026\/02\/597210880_1272758328212060_8534030592079009822_n-576x1024.jpg\" alt=\"\" class=\"wp-image-4807\" srcset=\"https:\/\/soswmyslenice.edu.pl\/new\/wp-content\/uploads\/2026\/02\/597210880_1272758328212060_8534030592079009822_n-576x1024.jpg 576w, https:\/\/soswmyslenice.edu.pl\/new\/wp-content\/uploads\/2026\/02\/597210880_1272758328212060_8534030592079009822_n-169x300.jpg 169w, https:\/\/soswmyslenice.edu.pl\/new\/wp-content\/uploads\/2026\/02\/597210880_1272758328212060_8534030592079009822_n-768x1365.jpg 768w, https:\/\/soswmyslenice.edu.pl\/new\/wp-content\/uploads\/2026\/02\/597210880_1272758328212060_8534030592079009822_n-864x1536.jpg 864w, https:\/\/soswmyslenice.edu.pl\/new\/wp-content\/uploads\/2026\/02\/597210880_1272758328212060_8534030592079009822_n.jpg 1152w\" sizes=\"auto, (max-width: 576px) 100vw, 576px\" \/><\/figure>\n\n\n\n<figure class=\"wp-block-image size-large\"><img loading=\"lazy\" decoding=\"async\" width=\"576\" height=\"1024\" data-id=\"4810\" src=\"https:\/\/soswmyslenice.edu.pl\/new\/wp-content\/uploads\/2026\/02\/596759813_1272758254878734_4923097263306288617_n-576x1024.jpg\" alt=\"\" class=\"wp-image-4810\" srcset=\"https:\/\/soswmyslenice.edu.pl\/new\/wp-content\/uploads\/2026\/02\/596759813_1272758254878734_4923097263306288617_n-576x1024.jpg 576w, https:\/\/soswmyslenice.edu.pl\/new\/wp-content\/uploads\/2026\/02\/596759813_1272758254878734_4923097263306288617_n-169x300.jpg 169w, https:\/\/soswmyslenice.edu.pl\/new\/wp-content\/uploads\/2026\/02\/596759813_1272758254878734_4923097263306288617_n-768x1365.jpg 768w, https:\/\/soswmyslenice.edu.pl\/new\/wp-content\/uploads\/2026\/02\/596759813_1272758254878734_4923097263306288617_n-864x1536.jpg 864w, https:\/\/soswmyslenice.edu.pl\/new\/wp-content\/uploads\/2026\/02\/596759813_1272758254878734_4923097263306288617_n.jpg 1152w\" sizes=\"auto, (max-width: 576px) 100vw, 576px\" \/><\/figure>\n\n\n\n<figure class=\"wp-block-image size-large\"><img loading=\"lazy\" decoding=\"async\" width=\"576\" height=\"1024\" data-id=\"4808\" src=\"https:\/\/soswmyslenice.edu.pl\/new\/wp-content\/uploads\/2026\/02\/596970064_1272758164878743_8227991241947066328_n-576x1024.jpg\" alt=\"\" class=\"wp-image-4808\" srcset=\"https:\/\/soswmyslenice.edu.pl\/new\/wp-content\/uploads\/2026\/02\/596970064_1272758164878743_8227991241947066328_n-576x1024.jpg 576w, https:\/\/soswmyslenice.edu.pl\/new\/wp-content\/uploads\/2026\/02\/596970064_1272758164878743_8227991241947066328_n-169x300.jpg 169w, https:\/\/soswmyslenice.edu.pl\/new\/wp-content\/uploads\/2026\/02\/596970064_1272758164878743_8227991241947066328_n-768x1365.jpg 768w, https:\/\/soswmyslenice.edu.pl\/new\/wp-content\/uploads\/2026\/02\/596970064_1272758164878743_8227991241947066328_n-864x1536.jpg 864w, https:\/\/soswmyslenice.edu.pl\/new\/wp-content\/uploads\/2026\/02\/596970064_1272758164878743_8227991241947066328_n.jpg 1152w\" sizes=\"auto, (max-width: 576px) 100vw, 576px\" \/><\/figure>\n<\/figure>\n\n\n\n<figure class=\"wp-block-pullquote\"><blockquote><p><strong>Wigilie w klasach i internacie naszego O\u015brodka<\/strong><\/p><\/blockquote><\/figure>\n\n\n\n<p>Ostatnie dni przed \u015bwi\u0119tami up\u0142yn\u0119\u0142y w wyj\u0105tkowej, pe\u0142nej ciep\u0142a atmosferze. W klasach oraz w internacie odby\u0142y si\u0119 wigilijne spotkania, podczas kt\u00f3rych nie zabrak\u0142o wsp\u00f3lnego kol\u0119dowania, dzielenia si\u0119 op\u0142atkiem, \u015bwi\u0105tecznych \u017cycze\u0144 i tradycyjnych potraw.<\/p>\n\n\n\n<p>By\u0142 to czas rado\u015bci, wzajemnej \u017cyczliwo\u015bci i budowania wsp\u00f3lnoty \u2013 tak wa\u017cnej w naszej codzienno\u015bci.<\/p>\n\n\n\n<p>&nbsp;Niech ten wyj\u0105tkowy czas przyniesie wszystkim spok\u00f3j, rado\u015b\u0107 i nadziej\u0119. Weso\u0142ych \u015awi\u0105t!<\/p>\n\n\n\n<figure class=\"wp-block-gallery has-nested-images columns-default is-cropped wp-block-gallery-21 is-layout-flex wp-block-gallery-is-layout-flex\">\n<figure class=\"wp-block-image size-large\"><img loading=\"lazy\" decoding=\"async\" width=\"576\" height=\"1024\" data-id=\"4799\" src=\"https:\/\/soswmyslenice.edu.pl\/new\/wp-content\/uploads\/2026\/02\/603845613_1282321390589087_6507247549382573248_n-576x1024.jpg\" alt=\"\" class=\"wp-image-4799\" srcset=\"https:\/\/soswmyslenice.edu.pl\/new\/wp-content\/uploads\/2026\/02\/603845613_1282321390589087_6507247549382573248_n-576x1024.jpg 576w, https:\/\/soswmyslenice.edu.pl\/new\/wp-content\/uploads\/2026\/02\/603845613_1282321390589087_6507247549382573248_n-169x300.jpg 169w, https:\/\/soswmyslenice.edu.pl\/new\/wp-content\/uploads\/2026\/02\/603845613_1282321390589087_6507247549382573248_n-768x1365.jpg 768w, https:\/\/soswmyslenice.edu.pl\/new\/wp-content\/uploads\/2026\/02\/603845613_1282321390589087_6507247549382573248_n-864x1536.jpg 864w, https:\/\/soswmyslenice.edu.pl\/new\/wp-content\/uploads\/2026\/02\/603845613_1282321390589087_6507247549382573248_n.jpg 1152w\" sizes=\"auto, (max-width: 576px) 100vw, 576px\" \/><\/figure>\n\n\n\n<figure class=\"wp-block-image size-large\"><img loading=\"lazy\" decoding=\"async\" width=\"1024\" height=\"1024\" data-id=\"4800\" src=\"https:\/\/soswmyslenice.edu.pl\/new\/wp-content\/uploads\/2026\/02\/602950741_1282321520589074_3850407801559091336_n-1024x1024.jpg\" alt=\"\" class=\"wp-image-4800\" srcset=\"https:\/\/soswmyslenice.edu.pl\/new\/wp-content\/uploads\/2026\/02\/602950741_1282321520589074_3850407801559091336_n-1024x1024.jpg 1024w, https:\/\/soswmyslenice.edu.pl\/new\/wp-content\/uploads\/2026\/02\/602950741_1282321520589074_3850407801559091336_n-300x300.jpg 300w, https:\/\/soswmyslenice.edu.pl\/new\/wp-content\/uploads\/2026\/02\/602950741_1282321520589074_3850407801559091336_n-150x150.jpg 150w, https:\/\/soswmyslenice.edu.pl\/new\/wp-content\/uploads\/2026\/02\/602950741_1282321520589074_3850407801559091336_n-768x768.jpg 768w, https:\/\/soswmyslenice.edu.pl\/new\/wp-content\/uploads\/2026\/02\/602950741_1282321520589074_3850407801559091336_n-1536x1536.jpg 1536w, https:\/\/soswmyslenice.edu.pl\/new\/wp-content\/uploads\/2026\/02\/602950741_1282321520589074_3850407801559091336_n.jpg 2048w\" sizes=\"auto, (max-width: 1024px) 100vw, 1024px\" \/><\/figure>\n\n\n\n<figure class=\"wp-block-image size-large\"><img loading=\"lazy\" decoding=\"async\" width=\"768\" height=\"1024\" data-id=\"4802\" src=\"https:\/\/soswmyslenice.edu.pl\/new\/wp-content\/uploads\/2026\/02\/602397183_1282321323922427_5227618497930153195_n-768x1024.jpg\" alt=\"\" class=\"wp-image-4802\" srcset=\"https:\/\/soswmyslenice.edu.pl\/new\/wp-content\/uploads\/2026\/02\/602397183_1282321323922427_5227618497930153195_n-768x1024.jpg 768w, https:\/\/soswmyslenice.edu.pl\/new\/wp-content\/uploads\/2026\/02\/602397183_1282321323922427_5227618497930153195_n-225x300.jpg 225w, https:\/\/soswmyslenice.edu.pl\/new\/wp-content\/uploads\/2026\/02\/602397183_1282321323922427_5227618497930153195_n-1152x1536.jpg 1152w, https:\/\/soswmyslenice.edu.pl\/new\/wp-content\/uploads\/2026\/02\/602397183_1282321323922427_5227618497930153195_n.jpg 1350w\" sizes=\"auto, (max-width: 768px) 100vw, 768px\" \/><\/figure>\n\n\n\n<figure class=\"wp-block-image size-large\"><img loading=\"lazy\" decoding=\"async\" width=\"1024\" height=\"1024\" data-id=\"4803\" src=\"https:\/\/soswmyslenice.edu.pl\/new\/wp-content\/uploads\/2026\/02\/602371114_1282321627255730_659677983533048646_n-1024x1024.jpg\" alt=\"\" class=\"wp-image-4803\" srcset=\"https:\/\/soswmyslenice.edu.pl\/new\/wp-content\/uploads\/2026\/02\/602371114_1282321627255730_659677983533048646_n-1024x1024.jpg 1024w, https:\/\/soswmyslenice.edu.pl\/new\/wp-content\/uploads\/2026\/02\/602371114_1282321627255730_659677983533048646_n-300x300.jpg 300w, https:\/\/soswmyslenice.edu.pl\/new\/wp-content\/uploads\/2026\/02\/602371114_1282321627255730_659677983533048646_n-150x150.jpg 150w, https:\/\/soswmyslenice.edu.pl\/new\/wp-content\/uploads\/2026\/02\/602371114_1282321627255730_659677983533048646_n-768x768.jpg 768w, https:\/\/soswmyslenice.edu.pl\/new\/wp-content\/uploads\/2026\/02\/602371114_1282321627255730_659677983533048646_n-1536x1536.jpg 1536w, https:\/\/soswmyslenice.edu.pl\/new\/wp-content\/uploads\/2026\/02\/602371114_1282321627255730_659677983533048646_n.jpg 2048w\" sizes=\"auto, (max-width: 1024px) 100vw, 1024px\" \/><\/figure>\n\n\n\n<figure class=\"wp-block-image size-large\"><img loading=\"lazy\" decoding=\"async\" width=\"557\" height=\"1024\" data-id=\"4804\" src=\"https:\/\/soswmyslenice.edu.pl\/new\/wp-content\/uploads\/2026\/02\/602363970_1282321753922384_4000878081520642300_n-557x1024.jpg\" alt=\"\" class=\"wp-image-4804\" srcset=\"https:\/\/soswmyslenice.edu.pl\/new\/wp-content\/uploads\/2026\/02\/602363970_1282321753922384_4000878081520642300_n-557x1024.jpg 557w, https:\/\/soswmyslenice.edu.pl\/new\/wp-content\/uploads\/2026\/02\/602363970_1282321753922384_4000878081520642300_n-163x300.jpg 163w, https:\/\/soswmyslenice.edu.pl\/new\/wp-content\/uploads\/2026\/02\/602363970_1282321753922384_4000878081520642300_n-768x1413.jpg 768w, https:\/\/soswmyslenice.edu.pl\/new\/wp-content\/uploads\/2026\/02\/602363970_1282321753922384_4000878081520642300_n-835x1536.jpg 835w, https:\/\/soswmyslenice.edu.pl\/new\/wp-content\/uploads\/2026\/02\/602363970_1282321753922384_4000878081520642300_n.jpg 1113w\" sizes=\"auto, (max-width: 557px) 100vw, 557px\" \/><\/figure>\n\n\n\n<figure class=\"wp-block-image size-large\"><img loading=\"lazy\" decoding=\"async\" width=\"1024\" height=\"1024\" data-id=\"4801\" src=\"https:\/\/soswmyslenice.edu.pl\/new\/wp-content\/uploads\/2026\/02\/602911621_1282321977255695_6514653735641372897_n-1024x1024.jpg\" alt=\"\" class=\"wp-image-4801\" srcset=\"https:\/\/soswmyslenice.edu.pl\/new\/wp-content\/uploads\/2026\/02\/602911621_1282321977255695_6514653735641372897_n-1024x1024.jpg 1024w, https:\/\/soswmyslenice.edu.pl\/new\/wp-content\/uploads\/2026\/02\/602911621_1282321977255695_6514653735641372897_n-300x300.jpg 300w, https:\/\/soswmyslenice.edu.pl\/new\/wp-content\/uploads\/2026\/02\/602911621_1282321977255695_6514653735641372897_n-150x150.jpg 150w, https:\/\/soswmyslenice.edu.pl\/new\/wp-content\/uploads\/2026\/02\/602911621_1282321977255695_6514653735641372897_n-768x768.jpg 768w, https:\/\/soswmyslenice.edu.pl\/new\/wp-content\/uploads\/2026\/02\/602911621_1282321977255695_6514653735641372897_n-1536x1536.jpg 1536w, https:\/\/soswmyslenice.edu.pl\/new\/wp-content\/uploads\/2026\/02\/602911621_1282321977255695_6514653735641372897_n.jpg 2048w\" sizes=\"auto, (max-width: 1024px) 100vw, 1024px\" \/><\/figure>\n<\/figure>\n\n\n\n<figure class=\"wp-block-pullquote\"><blockquote><p><strong>Sukces w Olimpiadzie Zdrowia PCK<\/strong><\/p><\/blockquote><\/figure>\n\n\n\n<p>W roku szkolnym 2025\/2026 odby\u0142a si\u0119 33. edycja Olimpiady Zdrowia Polskiego Czerwonego Krzy\u017ca , kt\u00f3rej celem jest promowanie zdrowego stylu \u017cycia, prawid\u0142owego od\u017cywiania, aktywno\u015bci fizycznej, higieny , zdrowia psychicznego oraz postaw proekologicznych.<\/p>\n\n\n\n<p>Z ogromn\u0105 rado\u015bci\u0105 informujemy, \u017ce dw\u00f3ch uczni\u00f3w Specjalnego O\u015brodka Szkolno-Wychowawczego zakwalifikowa\u0142o si\u0119 do etapu rejonowego Olimpiady Zdrowia PCK :<\/p>\n\n\n\n<p>\u2022 Bartosz Jachowicz \u2013 ucze\u0144 klasy VII Szko\u0142y Podstawowej,<\/p>\n\n\n\n<p>\u2022 Zuzanna Biela \u2013 uczennica klasy III Bran\u017cowej Szko\u0142y I Stopnia .<\/p>\n\n\n\n<p>Szczeg\u00f3lny sukces odnios\u0142a Zuzanna Biela, kt\u00f3ra zaj\u0119\u0142a III miejsce w etapie rejonowym w kategorii szk\u00f3\u0142 ponadpodstawowych<\/p>\n\n\n\n<figure class=\"wp-block-gallery has-nested-images columns-default is-cropped wp-block-gallery-22 is-layout-flex wp-block-gallery-is-layout-flex\">\n<figure class=\"wp-block-image size-large\"><img loading=\"lazy\" decoding=\"async\" width=\"768\" height=\"1024\" data-id=\"4796\" src=\"https:\/\/soswmyslenice.edu.pl\/new\/wp-content\/uploads\/2026\/02\/619606721_1306306168190609_141080040223750611_n-768x1024.jpg\" alt=\"\" class=\"wp-image-4796\" srcset=\"https:\/\/soswmyslenice.edu.pl\/new\/wp-content\/uploads\/2026\/02\/619606721_1306306168190609_141080040223750611_n-768x1024.jpg 768w, https:\/\/soswmyslenice.edu.pl\/new\/wp-content\/uploads\/2026\/02\/619606721_1306306168190609_141080040223750611_n-225x300.jpg 225w, https:\/\/soswmyslenice.edu.pl\/new\/wp-content\/uploads\/2026\/02\/619606721_1306306168190609_141080040223750611_n-1152x1536.jpg 1152w, https:\/\/soswmyslenice.edu.pl\/new\/wp-content\/uploads\/2026\/02\/619606721_1306306168190609_141080040223750611_n.jpg 1500w\" sizes=\"auto, (max-width: 768px) 100vw, 768px\" \/><\/figure>\n\n\n\n<figure class=\"wp-block-image size-large\"><img loading=\"lazy\" decoding=\"async\" width=\"768\" height=\"1024\" data-id=\"4797\" src=\"https:\/\/soswmyslenice.edu.pl\/new\/wp-content\/uploads\/2026\/02\/619603531_1306306314857261_6073750836302365627_n-768x1024.jpg\" alt=\"\" class=\"wp-image-4797\" srcset=\"https:\/\/soswmyslenice.edu.pl\/new\/wp-content\/uploads\/2026\/02\/619603531_1306306314857261_6073750836302365627_n-768x1024.jpg 768w, https:\/\/soswmyslenice.edu.pl\/new\/wp-content\/uploads\/2026\/02\/619603531_1306306314857261_6073750836302365627_n-225x300.jpg 225w, https:\/\/soswmyslenice.edu.pl\/new\/wp-content\/uploads\/2026\/02\/619603531_1306306314857261_6073750836302365627_n-1152x1536.jpg 1152w, https:\/\/soswmyslenice.edu.pl\/new\/wp-content\/uploads\/2026\/02\/619603531_1306306314857261_6073750836302365627_n.jpg 1500w\" sizes=\"auto, (max-width: 768px) 100vw, 768px\" \/><\/figure>\n\n\n\n<figure class=\"wp-block-image size-large\"><img loading=\"lazy\" decoding=\"async\" width=\"1024\" height=\"768\" data-id=\"4798\" src=\"https:\/\/soswmyslenice.edu.pl\/new\/wp-content\/uploads\/2026\/02\/619599500_1306306241523935_719683644401521249_n-1024x768.jpg\" alt=\"\" class=\"wp-image-4798\" srcset=\"https:\/\/soswmyslenice.edu.pl\/new\/wp-content\/uploads\/2026\/02\/619599500_1306306241523935_719683644401521249_n-1024x768.jpg 1024w, https:\/\/soswmyslenice.edu.pl\/new\/wp-content\/uploads\/2026\/02\/619599500_1306306241523935_719683644401521249_n-300x225.jpg 300w, https:\/\/soswmyslenice.edu.pl\/new\/wp-content\/uploads\/2026\/02\/619599500_1306306241523935_719683644401521249_n-768x576.jpg 768w, https:\/\/soswmyslenice.edu.pl\/new\/wp-content\/uploads\/2026\/02\/619599500_1306306241523935_719683644401521249_n-1536x1152.jpg 1536w, https:\/\/soswmyslenice.edu.pl\/new\/wp-content\/uploads\/2026\/02\/619599500_1306306241523935_719683644401521249_n.jpg 2000w\" sizes=\"auto, (max-width: 1024px) 100vw, 1024px\" \/><\/figure>\n<\/figure>\n\n\n\n<figure class=\"wp-block-pullquote\"><blockquote><p><strong>&nbsp;<br>Noworoczne Jase\u0142ka w Specjalnym O\u015brodku Szkolno-Wychowawczym w My\u015blenicach <\/strong><\/p><\/blockquote><\/figure>\n\n\n\n<p>Za nami wyj\u0105tkowe, pe\u0142ne wzrusze\u0144 i rado\u015bci noworoczne jase\u0142ka, kt\u00f3re zgromadzi\u0142y ca\u0142\u0105 spo\u0142eczno\u015b\u0107 naszego O\u015brodka oraz licznych, szanownych Go\u015bci. By\u0142 to czas wsp\u00f3lnego prze\u017cywania warto\u015bci tak bliskich ka\u017cdemu z nas \u2013 dobra, wra\u017cliwo\u015bci i obecno\u015bci drugiego cz\u0142owieka <\/p>\n\n\n\n<p>Z ogromn\u0105 rado\u015bci\u0105 go\u015bcili\u015bmy m.in. Pana Witolda Koz\u0142owskiego \u2013 Wicemarsza\u0142ka Wojew\u00f3dztwa Ma\u0142opolskiego, Pani\u0105 Danut\u0119 Kaw\u0119 &#8211; Radn\u0105 Wojew\u00f3dztwa, Przewodnicz\u0105c\u0105 Komisji Edukacji, Kultury Fizycznej, Sportu i Turystyki, a tak\u017ce przedstawicieli lokalnych w\u0142adz samorz\u0105dowych:<\/p>\n\n\n\n<p>\u2022 Pana Roberta Bylic\u0119 \u2013 Zast\u0119pc\u0119 Burmistrza Miasta i Gminy My\u015blenice,<\/p>\n\n\n\n<p>\u2022 Pani\u0105 Ew\u0119 K\u0119sek \u2013 Wicestarost\u0119 Powiatu My\u015blenickiego oraz Sekretarz Powiatu My\u015blenickiego Pani\u0105 Renat\u0119 Kani\u0119.<\/p>\n\n\n\n<p>Swoj\u0105 obecno\u015bci\u0105 zaszczyci\u0142 nas r\u00f3wnie\u017c Ksi\u0105dz W\u0142adys\u0142aw Zapotoczny \u2013 Proboszcz Parafii \u015bw. Brata Alberta w My\u015blenicach, a tak\u017ce przedstawiciele Urz\u0119du Marsza\u0142kowskiego Wojew\u00f3dztwa Ma\u0142opolskiego:<\/p>\n\n\n\n<p>\u2022 Pan Dariusz Styrna \u2013 Dyrektor Departamentu Edukacji oraz<\/p>\n\n\n\n<p>\u2022 Pan Jacek Cienkosz \u2013 G\u0142\u00f3wny Specjalista ds. Szkolnictwa Regionalnego.<\/p>\n\n\n\n<p>Dzi\u0119kujemy tak\u017ce dyrektorom szk\u00f3\u0142: Ma\u0142opolska Szko\u0142a Go\u015bcinno\u015bci, Zesp\u00f3\u0142 Szk\u00f3\u0142 Architektoniczno- Budowlanych w Krakowie, Zesp\u00f3\u0142 Szk\u00f3\u0142 im. A. \u015aredniawskiego w My\u015blenicach oraz przedstawicielom instytucji i organizacji wsp\u00f3\u0142pracuj\u0105cych z naszym O\u015brodkiem, na czele z Fundacj\u0105 \u201ePomoc Dzieciom Specjalnej Troski\u201d, PCPR w My\u015blenicach, PSONI Ko\u0142o w My\u015blenicach, O\u015brodek Rehabilitacyjno-Edukacyjno-Wychowawczy w My\u015blenicach, \u015aDS \u201eMagiczny Dom\u201d oraz Stowarzyszenie Os\u00f3b Niepe\u0142nosprawnych Gminy My\u015blenice.<\/p>\n\n\n\n<p>Ogromne brawa i podzi\u0119kowania kierujemy do naszych Wychowank\u00f3w, kt\u00f3rzy poprzez swoje serca, s\u0142owo i gest w niezwykle poruszaj\u0105cy spos\u00f3b przypomnieli sens pierwszych jase\u0142ek zapocz\u0105tkowanych przez \u015bw. Franciszka z Asy\u017cu. To, co wydarzy\u0142o si\u0119 na scenie, by\u0142o czym\u015b wi\u0119cej ni\u017c przedstawieniem. W prostych s\u0142owach i szczerych gestach odnale\u017ali\u015bmy to, co najwa\u017cniejsze \u2014 mi\u0142o\u015b\u0107, dobro i obecno\u015b\u0107 drugiego cz\u0142owieka. To przes\u0142anie, kt\u00f3re porusza i pozostaje w sercu<\/p>\n\n\n\n<p>Dzi\u0119kujemy r\u00f3wnie\u017c Nauczycielom, Wychowawcom i Pracownikom O\u015brodka za przygotowanie tego wyj\u0105tkowego wydarzenia oraz codzienn\u0105 prac\u0119 pe\u0142n\u0105 zaanga\u017cowania i troski.<\/p>\n\n\n\n<p>Podczas spotkania wyra\u017cono tak\u017ce wdzi\u0119czno\u015b\u0107 za inwestycje zrealizowane w ostatnich latach, w szczeg\u00f3lno\u015bci w 2025 roku, mo\u017cliwe dzi\u0119ki \u015brodkom z bud\u017cetu Wojew\u00f3dztwa Ma\u0142opolskiego. Nowoczesne pomieszczenia terapeutyczno-edukacyjne oraz zmodernizowane pokoje w internacie ju\u017c dzi\u015b s\u0142u\u017c\u0105 naszym wychowankom.<\/p>\n\n\n\n<figure class=\"wp-block-gallery has-nested-images columns-default is-cropped wp-block-gallery-23 is-layout-flex wp-block-gallery-is-layout-flex\">\n<figure class=\"wp-block-image size-large\"><img loading=\"lazy\" decoding=\"async\" width=\"1000\" height=\"667\" data-id=\"4794\" src=\"https:\/\/soswmyslenice.edu.pl\/new\/wp-content\/uploads\/2026\/02\/622331489_1312581114229781_3549855720722691062_n.jpg\" alt=\"\" class=\"wp-image-4794\" srcset=\"https:\/\/soswmyslenice.edu.pl\/new\/wp-content\/uploads\/2026\/02\/622331489_1312581114229781_3549855720722691062_n.jpg 1000w, https:\/\/soswmyslenice.edu.pl\/new\/wp-content\/uploads\/2026\/02\/622331489_1312581114229781_3549855720722691062_n-300x200.jpg 300w, https:\/\/soswmyslenice.edu.pl\/new\/wp-content\/uploads\/2026\/02\/622331489_1312581114229781_3549855720722691062_n-768x512.jpg 768w\" sizes=\"auto, (max-width: 1000px) 100vw, 1000px\" \/><\/figure>\n\n\n\n<figure class=\"wp-block-image size-large\"><img loading=\"lazy\" decoding=\"async\" width=\"1000\" height=\"667\" data-id=\"4788\" src=\"https:\/\/soswmyslenice.edu.pl\/new\/wp-content\/uploads\/2026\/02\/623305581_1312582400896319_722968310005869264_n-1.jpg\" alt=\"\" class=\"wp-image-4788\" srcset=\"https:\/\/soswmyslenice.edu.pl\/new\/wp-content\/uploads\/2026\/02\/623305581_1312582400896319_722968310005869264_n-1.jpg 1000w, https:\/\/soswmyslenice.edu.pl\/new\/wp-content\/uploads\/2026\/02\/623305581_1312582400896319_722968310005869264_n-1-300x200.jpg 300w, https:\/\/soswmyslenice.edu.pl\/new\/wp-content\/uploads\/2026\/02\/623305581_1312582400896319_722968310005869264_n-1-768x512.jpg 768w\" sizes=\"auto, (max-width: 1000px) 100vw, 1000px\" \/><\/figure>\n\n\n\n<figure class=\"wp-block-image size-large\"><img loading=\"lazy\" decoding=\"async\" width=\"1000\" height=\"667\" data-id=\"4782\" src=\"https:\/\/soswmyslenice.edu.pl\/new\/wp-content\/uploads\/2026\/02\/623301449_1312581977563028_5117523150610254408_n.jpg\" alt=\"\" class=\"wp-image-4782\" srcset=\"https:\/\/soswmyslenice.edu.pl\/new\/wp-content\/uploads\/2026\/02\/623301449_1312581977563028_5117523150610254408_n.jpg 1000w, https:\/\/soswmyslenice.edu.pl\/new\/wp-content\/uploads\/2026\/02\/623301449_1312581977563028_5117523150610254408_n-300x200.jpg 300w, https:\/\/soswmyslenice.edu.pl\/new\/wp-content\/uploads\/2026\/02\/623301449_1312581977563028_5117523150610254408_n-768x512.jpg 768w\" sizes=\"auto, (max-width: 1000px) 100vw, 1000px\" \/><\/figure>\n\n\n\n<figure class=\"wp-block-image size-large\"><img loading=\"lazy\" decoding=\"async\" width=\"1000\" height=\"667\" data-id=\"4792\" src=\"https:\/\/soswmyslenice.edu.pl\/new\/wp-content\/uploads\/2026\/02\/623106098_1312581877563038_3325691488224796839_n.jpg\" alt=\"\" class=\"wp-image-4792\" srcset=\"https:\/\/soswmyslenice.edu.pl\/new\/wp-content\/uploads\/2026\/02\/623106098_1312581877563038_3325691488224796839_n.jpg 1000w, https:\/\/soswmyslenice.edu.pl\/new\/wp-content\/uploads\/2026\/02\/623106098_1312581877563038_3325691488224796839_n-300x200.jpg 300w, https:\/\/soswmyslenice.edu.pl\/new\/wp-content\/uploads\/2026\/02\/623106098_1312581877563038_3325691488224796839_n-768x512.jpg 768w\" sizes=\"auto, (max-width: 1000px) 100vw, 1000px\" \/><\/figure>\n\n\n\n<figure class=\"wp-block-image size-large\"><img loading=\"lazy\" decoding=\"async\" width=\"1000\" height=\"667\" data-id=\"4786\" src=\"https:\/\/soswmyslenice.edu.pl\/new\/wp-content\/uploads\/2026\/02\/623362241_1312582507562975_5347513186914247890_n-1.jpg\" alt=\"\" class=\"wp-image-4786\" srcset=\"https:\/\/soswmyslenice.edu.pl\/new\/wp-content\/uploads\/2026\/02\/623362241_1312582507562975_5347513186914247890_n-1.jpg 1000w, https:\/\/soswmyslenice.edu.pl\/new\/wp-content\/uploads\/2026\/02\/623362241_1312582507562975_5347513186914247890_n-1-300x200.jpg 300w, https:\/\/soswmyslenice.edu.pl\/new\/wp-content\/uploads\/2026\/02\/623362241_1312582507562975_5347513186914247890_n-1-768x512.jpg 768w\" sizes=\"auto, (max-width: 1000px) 100vw, 1000px\" \/><\/figure>\n\n\n\n<figure class=\"wp-block-image size-large\"><img loading=\"lazy\" decoding=\"async\" width=\"633\" height=\"1024\" data-id=\"4783\" src=\"https:\/\/soswmyslenice.edu.pl\/new\/wp-content\/uploads\/2026\/02\/623143546_1312606510893908_8605339718687912564_n-633x1024.jpg\" alt=\"\" class=\"wp-image-4783\" srcset=\"https:\/\/soswmyslenice.edu.pl\/new\/wp-content\/uploads\/2026\/02\/623143546_1312606510893908_8605339718687912564_n-633x1024.jpg 633w, https:\/\/soswmyslenice.edu.pl\/new\/wp-content\/uploads\/2026\/02\/623143546_1312606510893908_8605339718687912564_n-185x300.jpg 185w, https:\/\/soswmyslenice.edu.pl\/new\/wp-content\/uploads\/2026\/02\/623143546_1312606510893908_8605339718687912564_n-768x1243.jpg 768w, https:\/\/soswmyslenice.edu.pl\/new\/wp-content\/uploads\/2026\/02\/623143546_1312606510893908_8605339718687912564_n-949x1536.jpg 949w, https:\/\/soswmyslenice.edu.pl\/new\/wp-content\/uploads\/2026\/02\/623143546_1312606510893908_8605339718687912564_n.jpg 1265w\" sizes=\"auto, (max-width: 633px) 100vw, 633px\" \/><\/figure>\n\n\n\n<figure class=\"wp-block-image size-large\"><img loading=\"lazy\" decoding=\"async\" width=\"1000\" height=\"667\" data-id=\"4780\" src=\"https:\/\/soswmyslenice.edu.pl\/new\/wp-content\/uploads\/2026\/02\/623362238_1312580917563134_5892258202178377456_n.jpg\" alt=\"\" class=\"wp-image-4780\" srcset=\"https:\/\/soswmyslenice.edu.pl\/new\/wp-content\/uploads\/2026\/02\/623362238_1312580917563134_5892258202178377456_n.jpg 1000w, https:\/\/soswmyslenice.edu.pl\/new\/wp-content\/uploads\/2026\/02\/623362238_1312580917563134_5892258202178377456_n-300x200.jpg 300w, https:\/\/soswmyslenice.edu.pl\/new\/wp-content\/uploads\/2026\/02\/623362238_1312580917563134_5892258202178377456_n-768x512.jpg 768w\" sizes=\"auto, (max-width: 1000px) 100vw, 1000px\" \/><\/figure>\n<\/figure>\n\n\n\n<p><\/p>\n","protected":false},"excerpt":{"rendered":"<p>Serdecznie zapraszamy na Dzie\u0144 Otwarty w Specjalnym O\u015brodku Szkolno-Wychowawczym w My\u015blenicach 5 marca 2026 roku w godzinach 9:30\u201311:00 To doskona\u0142a okazja, aby: pozna\u0107 nasz\u0105 ofert\u0119&hellip;<\/p>\n","protected":false},"author":3,"featured_media":0,"parent":0,"menu_order":0,"comment_status":"closed","ping_status":"closed","template":"","meta":{"footnotes":""},"class_list":["post-4540","page","type-page","status-publish","hentry"],"_links":{"self":[{"href":"https:\/\/soswmyslenice.edu.pl\/new\/index.php\/wp-json\/wp\/v2\/pages\/4540","targetHints":{"allow":["GET"]}}],"collection":[{"href":"https:\/\/soswmyslenice.edu.pl\/new\/index.php\/wp-json\/wp\/v2\/pages"}],"about":[{"href":"https:\/\/soswmyslenice.edu.pl\/new\/index.php\/wp-json\/wp\/v2\/types\/page"}],"author":[{"embeddable":true,"href":"https:\/\/soswmyslenice.edu.pl\/new\/index.php\/wp-json\/wp\/v2\/users\/3"}],"replies":[{"embeddable":true,"href":"https:\/\/soswmyslenice.edu.pl\/new\/index.php\/wp-json\/wp\/v2\/comments?post=4540"}],"version-history":[{"count":16,"href":"https:\/\/soswmyslenice.edu.pl\/new\/index.php\/wp-json\/wp\/v2\/pages\/4540\/revisions"}],"predecessor-version":[{"id":4841,"href":"https:\/\/soswmyslenice.edu.pl\/new\/index.php\/wp-json\/wp\/v2\/pages\/4540\/revisions\/4841"}],"wp:attachment":[{"href":"https:\/\/soswmyslenice.edu.pl\/new\/index.php\/wp-json\/wp\/v2\/media?parent=4540"}],"curies":[{"name":"wp","href":"https:\/\/api.w.org\/{rel}","templated":true}]}}